{"id":2956,"date":"2025-02-14T08:38:32","date_gmt":"2025-02-14T08:38:32","guid":{"rendered":"https:\/\/percepcions.cat\/?page_id=2956"},"modified":"2025-11-15T23:18:22","modified_gmt":"2025-11-15T22:18:22","slug":"prueba","status":"publish","type":"page","link":"https:\/\/percepcions.cat\/es\/","title":{"rendered":"Percepciones de Catalunya"},"content":{"rendered":"\n<div class=\"wp-block-uagb-container uag-hide-tab uag-hide-mob uagb-block-434beb21 alignfull uagb-is-root-container\"><div class=\"uagb-container-inner-blocks-wrap\"><div class=\"pt-cv-wrapper\"><div class=\"pt-cv-view pt-cv-overlaygrid iscvblock iscvhybrid pt-cv-clickable overlay6 layout1 pt-cv-left\" id=\"pt-cv-view-dd3a189pt6\"><div data-id=\"pt-cv-page-1\" class=\"pt-cv-page\" data-cvc=\"2\"><div class=\" pt-cv-content-item pt-cv-1-col cv-main-post\"  data-pid=\"13449\"><div class=\"pt-cv-thumb-wrapper  \"><a href=\"https:\/\/percepcions.cat\/es\/la-fiscalia-investiga-a-politicos-alemanes-para-encubrir-violaciones\/\" class=\"_self pt-cv-href-thumbnail pt-cv-thumb-default cvplbd\" target=\"_self\" ><img loading=\"lazy\" decoding=\"async\" width=\"1035\" height=\"500\" src=\"https:\/\/percepcions.cat\/wp-content\/uploads\/2026\/04\/La-fiscalia-investiga-politics-alemanys-per-encobrir-violacions-en-grup-en-casals-de-joves-per-no-estigmatitzar-els-musulmans-1000x500.jpg\" class=\"pt-cv-thumbnail img-none\" alt=\"La policia alemanya investiga pol\u00edtics d&#039;esquerres per no actuar davant violacions en grup en casals de joves per no &quot;estigmatitzar els musulmans&quot;\" srcset=\"https:\/\/percepcions.cat\/wp-content\/uploads\/2026\/04\/La-fiscalia-investiga-politics-alemanys-per-encobrir-violacions-en-grup-en-casals-de-joves-per-no-estigmatitzar-els-musulmans-1000x500.jpg\" sizes=\"auto, (max-width: 750px) 100vw, 750px\" title=\"\"><\/a><\/div>\n<div class=\"pt-cv-overlay-wrapper\"><div class=\"pt-cv-taxoterm above_title\"><a href='https:\/\/percepcions.cat\/es\/tag\/alemanya\/' title='Alemanya' class='pt-cv-tax-alemanya'>Alemanya<\/a><a href='https:\/\/percepcions.cat\/es\/tag\/violacions\/' title='Violacions' class='pt-cv-tax-violacions'>Violacions<\/a><\/div><h2 class=\"pt-cv-title\"><a href=\"https:\/\/percepcions.cat\/es\/la-fiscalia-investiga-a-politicos-alemanes-para-encubrir-violaciones\/\" class=\"_self cvplbd\" target=\"_self\" >La policia alemanya investiga pol\u00edtics d&#8217;esquerres per no actuar davant violacions en grup en casals de joves per no &#8220;estigmatitzar els musulmans&#8221;<\/a><\/h2><div class=\"pt-cv-content\">La investigaci\u00f3 apunta que la regidora de Joventut de Neuk\u00f6lln (Berl\u00edn) , del partit d\u2019esquerres Die Linke, va impedir que els serveis socials denunciessin violacions a la policia. Finalment, va ser el pare d&#8217;una v\u00edctima qui va presentar la den\u00fancia.<\/div><div class=\"pt-cv-meta-fields\"><span class=\"entry-date\"> <time datetime=\"2026-04-29T09:38:30+02:00\">29 de abril de 2026<\/time><\/span><\/div><\/div><\/div><\/div><\/div><\/div>\t\t\t<style type=\"text\/css\" id=\"pt-cv-inline-style-d5e7271urm\">#pt-cv-view-dd3a189pt6 .pt-cv-thumb-wrapper::before {background: rgba(0,0,0,.4); opacity: 0.8;}#pt-cv-view-dd3a189pt6 .pt-cv-overlay-wrapper {justify-content: center;}\n#pt-cv-view-dd3a189pt6 > .pt-cv-page {grid-auto-rows: 380px;grid-template-rows: calc(380px*1.5);grid-gap: 15px;}\n@media all and (max-width: 1024px) { \n#pt-cv-view-dd3a189pt6 > .pt-cv-page {}\n} \n@media all and (max-width: 767px) { \n#pt-cv-view-dd3a189pt6 > .pt-cv-page {}\n} <\/style>\r\n\t\t\t\t\t\t<style type=\"text\/css\" id=\"pt-cv-inline-style-573705ab5v\">#pt-cv-view-dd3a189pt6 .pt-cv-taxoterm * { color: #ffffff !important; margin: 0px 0px 0px 25px !important; padding: 1px 6px 1px 6px !important; border-radius: 3px 3px 3px 3px !important; }\n#pt-cv-view-dd3a189pt6 .pt-cv-title a, #pt-cv-view-dd3a189pt6  .panel-title { font-family: 'Noto Sans', Arial, serif !important; font-size: 40px !important; line-height: 1.3 !important; color: #ffffff !important; background-color: #0f4c81 !important; font-weight: 600 !important; margin: 0px 0px 0px 25px !important; display: block !important; padding: 0px 25px 0px 25px !important; }\n@media (max-width: 767px) {#pt-cv-view-dd3a189pt6 .pt-cv-title a, #pt-cv-view-dd3a189pt6  .panel-title { font-size: 24px !important }}\n#pt-cv-view-dd3a189pt6 .pt-cv-titlesm a { padding: 0px 17px 0px 24px !important; }\n#pt-cv-view-dd3a189pt6 .pt-cv-content , #pt-cv-view-dd3a189pt6  .pt-cv-content *:not(.pt-cv-readmore):not(style):not(script) { font-family: 'Noto Sans', Arial, serif !important; font-size: 19px !important; line-height: 1.3 !important; color: #ffffff !important; font-weight: 600 !important; margin: 0px 0px 0px 25px !important; }\n#pt-cv-view-dd3a189pt6 .pt-cv-meta-fields { margin: 15px 10px 10px 25px }\n#pt-cv-view-dd3a189pt6 .pt-cv-meta-fields * { font-size: 11px !important; line-height: 1.3 !important; color: #ffffff !important; }\n#pt-cv-view-dd3a189pt6 .pt-cv-readmore  { color: #ffffff !important; background-color: #00aeef !important; }\n#pt-cv-view-dd3a189pt6 .pt-cv-readmore:hover  { color: #ffffff !important; background-color: #00aeef !important; }\n#pt-cv-view-dd3a189pt6 { text-align: left; }<\/style>\r\n\t\t\t<link href='\/\/fonts.googleapis.com\/css?family=Noto+Sans' rel='stylesheet' type='text\/css'><\/div><\/div>\n\n\n\n<div class=\"wp-block-uagb-container uag-hide-tab uag-hide-mob uagb-block-60d18351 alignfull uagb-is-root-container\"><div class=\"uagb-container-inner-blocks-wrap\"><div class=\"pt-cv-wrapper\"><div class=\"pt-cv-view pt-cv-blockgrid iscvblock iscvhybrid grid1 layout1 pt-cv-pgloadmore\" id=\"pt-cv-view-5d95a94cxe\"><div data-id=\"pt-cv-page-1\" class=\"pt-cv-page\" data-cvc=\"3\"><div class=\" pt-cv-content-item pt-cv-1-col\"  data-pid=\"13439\"><div class=\"pt-cv-thumb-wrapper  \"><a href=\"https:\/\/percepcions.cat\/es\/despedido-a-un-trabajador-en-dinamarca-por-cocinar-cerdo\/\" class=\"_self pt-cv-href-thumbnail pt-cv-thumb-default cvplbd cvp-lazy-container\" target=\"_self\" ><img loading=\"lazy\" decoding=\"async\" width=\"300\" height=\"200\" src=\"https:\/\/percepcions.cat\/wp-content\/plugins\/pt-content-views-pro\/public\/assets\/images\/lazy_image.png\" class=\"pt-cv-thumbnail img-none skip-lazy  cvplazy\" alt=\"Acomiadat un treballador a Dinamarca per cuinar porc\" data-cvpsrc=\"https:\/\/percepcions.cat\/wp-content\/uploads\/2026\/04\/Acomiadat-un-treballador-a-Dinamarca-per-cuinar-porc-per-a-ell-en-un-centre-dacollida-300x200.png\" data-cvpset=\"https:\/\/percepcions.cat\/wp-content\/uploads\/2026\/04\/Acomiadat-un-treballador-a-Dinamarca-per-cuinar-porc-per-a-ell-en-un-centre-dacollida-300x200.png 300w, https:\/\/percepcions.cat\/wp-content\/uploads\/2026\/04\/Acomiadat-un-treballador-a-Dinamarca-per-cuinar-porc-per-a-ell-en-un-centre-dacollida-768x512.png 768w, https:\/\/percepcions.cat\/wp-content\/uploads\/2026\/04\/Acomiadat-un-treballador-a-Dinamarca-per-cuinar-porc-per-a-ell-en-un-centre-dacollida-18x12.png 18w, https:\/\/percepcions.cat\/wp-content\/uploads\/2026\/04\/Acomiadat-un-treballador-a-Dinamarca-per-cuinar-porc-per-a-ell-en-un-centre-dacollida.png 1000w\" title=\"\"><\/a><div class=\"pt-cv-taxoterm over_top_left\"><a href='https:\/\/percepcions.cat\/es\/tag\/dinamarca\/' title='Dinamarca' class='pt-cv-tax-dinamarca'>Dinamarca<\/a><a href='https:\/\/percepcions.cat\/es\/tag\/halal\/' title='Halal' class='pt-cv-tax-halal'>Halal<\/a><\/div><\/div>\n<h2 class=\"pt-cv-title\"><a href=\"https:\/\/percepcions.cat\/es\/despedido-a-un-trabajador-en-dinamarca-por-cocinar-cerdo\/\" class=\"_self cvplbd\" target=\"_self\" >Acomiadat un treballador a Dinamarca per cuinar porc<\/a><\/h2>\n<div class=\"pt-cv-meta-fields\"><span class=\"entry-date\"> <time datetime=\"2026-04-26T01:00:48+02:00\">26 de abril de 2026<\/time><\/span><\/div>\n<div class=\"pt-cv-content\">El treballador d\u2019un centre d\u2019immigrants es fa cansalada per a ell mateix i l\u2019acomiaden. El centre prohibeix el porc a tothom per evitar conflictes amb joves musulmans i ho presenta com una \u201cestrat\u00e8gia de conviv\u00e8ncia\u201d.<\/div><\/div>\n<div class=\" pt-cv-content-item pt-cv-1-col\"  data-pid=\"13408\"><div class=\"pt-cv-thumb-wrapper  \"><a href=\"https:\/\/percepcions.cat\/es\/panico-a-la-izquierda-britanica\/\" class=\"_self pt-cv-href-thumbnail pt-cv-thumb-default cvplbd cvp-lazy-container\" target=\"_self\" ><img loading=\"lazy\" decoding=\"async\" width=\"300\" height=\"159\" src=\"https:\/\/percepcions.cat\/wp-content\/plugins\/pt-content-views-pro\/public\/assets\/images\/lazy_image.png\" class=\"pt-cv-thumbnail img-none skip-lazy  cvplazy\" alt=\"P\u00e0nic a l&#039;esquerra brit\u00e0nica per l&#039;aparici\u00f3 de partits musulmans a barris de Londres\" data-cvpsrc=\"https:\/\/percepcions.cat\/wp-content\/uploads\/2026\/04\/Panic-a-lesquerra-britanica-per-laparicio-de-partits-musulmans-a-lest-de-Londres-300x159.jpeg\" data-cvpset=\"https:\/\/percepcions.cat\/wp-content\/uploads\/2026\/04\/Panic-a-lesquerra-britanica-per-laparicio-de-partits-musulmans-a-lest-de-Londres-300x159.jpeg 300w, https:\/\/percepcions.cat\/wp-content\/uploads\/2026\/04\/Panic-a-lesquerra-britanica-per-laparicio-de-partits-musulmans-a-lest-de-Londres-768x406.jpeg 768w, https:\/\/percepcions.cat\/wp-content\/uploads\/2026\/04\/Panic-a-lesquerra-britanica-per-laparicio-de-partits-musulmans-a-lest-de-Londres-18x10.jpeg 18w, https:\/\/percepcions.cat\/wp-content\/uploads\/2026\/04\/Panic-a-lesquerra-britanica-per-laparicio-de-partits-musulmans-a-lest-de-Londres.jpeg 945w\" title=\"\"><\/a><div class=\"pt-cv-taxoterm over_top_left\"><a href='https:\/\/percepcions.cat\/es\/tag\/reino-unido\/' title='Regne Unit' class='pt-cv-tax-regne-unit'>Regne Unit<\/a><\/div><\/div>\n<h2 class=\"pt-cv-title\"><a href=\"https:\/\/percepcions.cat\/es\/panico-a-la-izquierda-britanica\/\" class=\"_self cvplbd\" target=\"_self\" >P\u00e0nic a l&#8217;esquerra brit\u00e0nica per l&#8217;aparici\u00f3 de partits musulmans a barris de Londres<\/a><\/h2>\n<div class=\"pt-cv-meta-fields\"><span class=\"entry-date\"> <time datetime=\"2026-04-25T15:18:56+02:00\">25 de abril de 2026<\/time><\/span><\/div>\n<div class=\"pt-cv-content\">Les eleccions als districtes de Londres del 7 de maig es presenten complicades per al Partit Laborista per un suposat posicionament tou respecte Palestina. Fins a 1800 regidors musulmans sense control de cap partit tradicional poden obtenir representaci\u00f3.<\/div><\/div>\n<div class=\" pt-cv-content-item pt-cv-1-col\"  data-pid=\"13384\"><div class=\"pt-cv-thumb-wrapper  \"><a href=\"https:\/\/percepcions.cat\/es\/el-psc-de-lleida-hace-creer-que-quiere-prohibir-el-burka-y-el-niqab\/\" class=\"_self pt-cv-href-thumbnail pt-cv-thumb-default cvplbd cvp-lazy-container\" target=\"_self\" ><img loading=\"lazy\" decoding=\"async\" width=\"300\" height=\"200\" src=\"https:\/\/percepcions.cat\/wp-content\/plugins\/pt-content-views-pro\/public\/assets\/images\/lazy_image.png\" class=\"pt-cv-thumbnail img-none skip-lazy  cvplazy\" alt=\"El PSC de Lleida prohibeix el burca i el niqab amb una normativa que no els prohibeix\" data-cvpsrc=\"https:\/\/percepcions.cat\/wp-content\/uploads\/2026\/04\/El-PSC-de-Lleida-diu-que-vol-prohibir-el-burka-i-el-niqab-amb-lexcepcio-dels-drets-fonamentals-300x200.jpg\" data-cvpset=\"https:\/\/percepcions.cat\/wp-content\/uploads\/2026\/04\/El-PSC-de-Lleida-diu-que-vol-prohibir-el-burka-i-el-niqab-amb-lexcepcio-dels-drets-fonamentals-300x200.jpg 300w, https:\/\/percepcions.cat\/wp-content\/uploads\/2026\/04\/El-PSC-de-Lleida-diu-que-vol-prohibir-el-burka-i-el-niqab-amb-lexcepcio-dels-drets-fonamentals-1024x683.jpg 1024w, https:\/\/percepcions.cat\/wp-content\/uploads\/2026\/04\/El-PSC-de-Lleida-diu-que-vol-prohibir-el-burka-i-el-niqab-amb-lexcepcio-dels-drets-fonamentals-768x512.jpg 768w, https:\/\/percepcions.cat\/wp-content\/uploads\/2026\/04\/El-PSC-de-Lleida-diu-que-vol-prohibir-el-burka-i-el-niqab-amb-lexcepcio-dels-drets-fonamentals-18x12.jpg 18w, https:\/\/percepcions.cat\/wp-content\/uploads\/2026\/04\/El-PSC-de-Lleida-diu-que-vol-prohibir-el-burka-i-el-niqab-amb-lexcepcio-dels-drets-fonamentals.jpg 1200w\" title=\"\"><\/a><div class=\"pt-cv-taxoterm over_top_left\"><a href='https:\/\/percepcions.cat\/es\/tag\/catalunya\/' title='Catalunya' class='pt-cv-tax-catalunya'>Catalunya<\/a><a href='https:\/\/percepcions.cat\/es\/tag\/velo-burka\/' title='Vel-Burka' class='pt-cv-tax-vel-burka'>Vel-Burka<\/a><\/div><\/div>\n<h2 class=\"pt-cv-title\"><a href=\"https:\/\/percepcions.cat\/es\/el-psc-de-lleida-hace-creer-que-quiere-prohibir-el-burka-y-el-niqab\/\" class=\"_self cvplbd\" target=\"_self\" >El PSC de Lleida prohibeix el burca i el niqab amb una normativa que no els prohibeix<\/a><\/h2>\n<div class=\"pt-cv-meta-fields\"><span class=\"entry-date\"> <time datetime=\"2026-04-23T16:10:50+02:00\">23 de abril de 2026<\/time><\/span><\/div>\n<div class=\"pt-cv-content\">La proposta d&#8217;ordenan\u00e7a de civisme de Lleida prohibeix &#8220;tapar-se la cara&#8221; excepte en llocs de culte, all\u00e0 &#8220;on \u00e9s habitual&#8221; i quan &#8220;s&#8217;exerceix un dret fonamental&#8221;. Ni cita el burka ni el niqab .<\/div><\/div>\n<div class=\" pt-cv-content-item pt-cv-1-col\"  data-pid=\"13375\"><div class=\"pt-cv-thumb-wrapper  \"><a href=\"https:\/\/percepcions.cat\/es\/reforma-institutos-publicos-de-los-eeuu-incluyen-oratorios-musulmanes\/\" class=\"_self pt-cv-href-thumbnail pt-cv-thumb-default cvplbd cvp-lazy-container\" target=\"_self\" ><img loading=\"lazy\" decoding=\"async\" width=\"300\" height=\"225\" src=\"https:\/\/percepcions.cat\/wp-content\/plugins\/pt-content-views-pro\/public\/assets\/images\/lazy_image.png\" class=\"pt-cv-thumbnail img-none skip-lazy  cvplazy\" alt=\"Les obres de reforma d&#039;instituts p\u00fablics dels EUA inclouen oratoris i rentapeus per a musulmans\" data-cvpsrc=\"https:\/\/percepcions.cat\/wp-content\/uploads\/2026\/04\/sales-oracio-300x225.jpg\" data-cvpset=\"https:\/\/percepcions.cat\/wp-content\/uploads\/2026\/04\/sales-oracio-300x225.jpg 300w, https:\/\/percepcions.cat\/wp-content\/uploads\/2026\/04\/sales-oracio-16x12.jpg 16w, https:\/\/percepcions.cat\/wp-content\/uploads\/2026\/04\/sales-oracio.jpg 549w\" title=\"\"><\/a><div class=\"pt-cv-taxoterm over_top_left\"><a href='https:\/\/percepcions.cat\/es\/tag\/educacion\/' title='Educaci\u00f3' class='pt-cv-tax-educacio'>Educaci\u00f3<\/a><a href='https:\/\/percepcions.cat\/es\/tag\/estados-unidos\/' title='Estats Units' class='pt-cv-tax-estats-units'>Estats Units<\/a><\/div><\/div>\n<h2 class=\"pt-cv-title\"><a href=\"https:\/\/percepcions.cat\/es\/reforma-institutos-publicos-de-los-eeuu-incluyen-oratorios-musulmanes\/\" class=\"_self cvplbd\" target=\"_self\" >Les obres de reforma d&#8217;instituts p\u00fablics dels EUA inclouen oratoris i rentapeus per a musulmans<\/a><\/h2>\n<div class=\"pt-cv-meta-fields\"><span class=\"entry-date\"> <time datetime=\"2026-04-22T17:03:40+02:00\">22 de abril de 2026<\/time><\/span><\/div>\n<div class=\"pt-cv-content\">Una investigaci\u00f3 period\u00edstica destapa els pl\u00e0nols de la reforma de dos instituts. Els gestors escolars diuen que nom\u00e9s &#8220;s&#8217;adapten a les necessitats del usuaris&#8221; i que &#8220;atenen la diversitat&#8221;.<\/div><\/div>\n<div class=\" pt-cv-content-item pt-cv-1-col\"  data-pid=\"13370\"><div class=\"pt-cv-thumb-wrapper  \"><a href=\"https:\/\/percepcions.cat\/es\/el-reino-unido-prohibe-entrar-en-el-pais-a-una-ciudadana-de-dios-porque-quemo-un-alcora\/\" class=\"_self pt-cv-href-thumbnail pt-cv-thumb-default cvplbd cvp-lazy-container\" target=\"_self\" ><img loading=\"lazy\" decoding=\"async\" width=\"300\" height=\"188\" src=\"https:\/\/percepcions.cat\/wp-content\/plugins\/pt-content-views-pro\/public\/assets\/images\/lazy_image.png\" class=\"pt-cv-thumbnail img-none skip-lazy  cvplazy\" alt=\"El Regne Unit prohibeix entrar al pa\u00eds a una ciutadana d&#039;EUA perqu\u00e8 va cremar un Alcor\u00e0\" data-cvpsrc=\"https:\/\/percepcions.cat\/wp-content\/uploads\/2025\/08\/La-candidata-al-Congres-dels-EUA-Valentina-Gomez-crema-un-Alcora-amb-un-llancaflames-300x188.jpg\" data-cvpset=\"https:\/\/percepcions.cat\/wp-content\/uploads\/2025\/08\/La-candidata-al-Congres-dels-EUA-Valentina-Gomez-crema-un-Alcora-amb-un-llancaflames-300x188.jpg 300w, https:\/\/percepcions.cat\/wp-content\/uploads\/2025\/08\/La-candidata-al-Congres-dels-EUA-Valentina-Gomez-crema-un-Alcora-amb-un-llancaflames-18x12.jpg 18w, https:\/\/percepcions.cat\/wp-content\/uploads\/2025\/08\/La-candidata-al-Congres-dels-EUA-Valentina-Gomez-crema-un-Alcora-amb-un-llancaflames.jpg 640w\" title=\"\"><\/a><div class=\"pt-cv-taxoterm over_top_left\"><a href='https:\/\/percepcions.cat\/es\/tag\/reino-unido\/' title='Regne Unit' class='pt-cv-tax-regne-unit'>Regne Unit<\/a><\/div><\/div>\n<h2 class=\"pt-cv-title\"><a href=\"https:\/\/percepcions.cat\/es\/el-reino-unido-prohibe-entrar-en-el-pais-a-una-ciudadana-de-dios-porque-quemo-un-alcora\/\" class=\"_self cvplbd\" target=\"_self\" >El Regne Unit prohibeix entrar al pa\u00eds a una ciutadana d&#8217;EUA perqu\u00e8 va cremar un Alcor\u00e0<\/a><\/h2>\n<div class=\"pt-cv-meta-fields\"><span class=\"entry-date\"> <time datetime=\"2026-04-21T16:28:57+02:00\">21 de abril de 2026<\/time><\/span><\/div>\n<div class=\"pt-cv-content\">La ministra musulmana Shabana Mahmood s&#8217;ha ocupat personalment de vetar l&#8217;entrada al Regne Unit de l&#8217;activista antiislam Valentina G\u00f3mez.<\/div><\/div>\n<div class=\" pt-cv-content-item pt-cv-1-col\"  data-pid=\"13337\"><div class=\"pt-cv-thumb-wrapper  \"><a href=\"https:\/\/percepcions.cat\/es\/los-verdes-alemanes-presentan-medidas-para-fomentar-la-vida-islamica\/\" class=\"_self pt-cv-href-thumbnail pt-cv-thumb-default cvplbd cvp-lazy-container\" target=\"_self\" ><img loading=\"lazy\" decoding=\"async\" width=\"300\" height=\"167\" src=\"https:\/\/percepcions.cat\/wp-content\/plugins\/pt-content-views-pro\/public\/assets\/images\/lazy_image.png\" class=\"pt-cv-thumbnail img-none skip-lazy  cvplazy\" alt=\"Els Verds alemanys presenten mesures per fomentar la vida isl\u00e0mica\" data-cvpsrc=\"https:\/\/percepcions.cat\/wp-content\/uploads\/2026\/04\/Els-Verds-alemanys-presenten-mesures-per-fomentar-la-vida-islamica-300x167.jpeg\" data-cvpset=\"https:\/\/percepcions.cat\/wp-content\/uploads\/2026\/04\/Els-Verds-alemanys-presenten-mesures-per-fomentar-la-vida-islamica-300x167.jpeg 300w, https:\/\/percepcions.cat\/wp-content\/uploads\/2026\/04\/Els-Verds-alemanys-presenten-mesures-per-fomentar-la-vida-islamica-1024x572.jpeg 1024w, https:\/\/percepcions.cat\/wp-content\/uploads\/2026\/04\/Els-Verds-alemanys-presenten-mesures-per-fomentar-la-vida-islamica-768x429.jpeg 768w, https:\/\/percepcions.cat\/wp-content\/uploads\/2026\/04\/Els-Verds-alemanys-presenten-mesures-per-fomentar-la-vida-islamica-18x10.jpeg 18w, https:\/\/percepcions.cat\/wp-content\/uploads\/2026\/04\/Els-Verds-alemanys-presenten-mesures-per-fomentar-la-vida-islamica.jpeg 1100w\" title=\"\"><\/a><div class=\"pt-cv-taxoterm over_top_left\"><a href='https:\/\/percepcions.cat\/es\/tag\/alemanya\/' title='Alemanya' class='pt-cv-tax-alemanya'>Alemanya<\/a><\/div><\/div>\n<h2 class=\"pt-cv-title\"><a href=\"https:\/\/percepcions.cat\/es\/los-verdes-alemanes-presentan-medidas-para-fomentar-la-vida-islamica\/\" class=\"_self cvplbd\" target=\"_self\" >Els Verds alemanys presenten mesures per fomentar la vida isl\u00e0mica<\/a><\/h2>\n<div class=\"pt-cv-meta-fields\"><span class=\"entry-date\"> <time datetime=\"2026-04-20T09:27:13+02:00\">20 de abril de 2026<\/time><\/span><\/div>\n<div class=\"pt-cv-content\">L&#8217;esquerra ecologista proposa festius isl\u00e0mics, eliminar restriccions al vel o refor\u00e7ar el suport a mesquites i associacions isl\u00e0miques. El pla busca augmentar la visibilitat i la integraci\u00f3 de l\u2019islam a la vida p\u00fablica d&#8217;Alemanya.<\/div><\/div>\n<div class=\" pt-cv-content-item pt-cv-1-col\"  data-pid=\"13303\"><div class=\"pt-cv-thumb-wrapper  \"><a href=\"https:\/\/percepcions.cat\/es\/quebec-tambien-prohibe-el-velo-islamico-en-las-guarderias\/\" class=\"_self pt-cv-href-thumbnail pt-cv-thumb-default cvplbd cvp-lazy-container\" target=\"_self\" ><img loading=\"lazy\" decoding=\"async\" width=\"300\" height=\"167\" src=\"https:\/\/percepcions.cat\/wp-content\/plugins\/pt-content-views-pro\/public\/assets\/images\/lazy_image.png\" class=\"pt-cv-thumbnail img-none skip-lazy  cvplazy\" alt=\"Quebec prohibeix tamb\u00e9 el vel isl\u00e0mic a les escoles bressol i veta les mascaretes sanit\u00e0ries als serveis p\u00fablics\" data-cvpsrc=\"https:\/\/percepcions.cat\/wp-content\/uploads\/2026\/04\/Quebec-tambe-prohibeix-el-vel-islamic-a-les-escoles-bressol-i-veta-les-mascaretes-sanitaries-als-serveis-publics-300x167.jpeg\" data-cvpset=\"https:\/\/percepcions.cat\/wp-content\/uploads\/2026\/04\/Quebec-tambe-prohibeix-el-vel-islamic-a-les-escoles-bressol-i-veta-les-mascaretes-sanitaries-als-serveis-publics-300x167.jpeg 300w, https:\/\/percepcions.cat\/wp-content\/uploads\/2026\/04\/Quebec-tambe-prohibeix-el-vel-islamic-a-les-escoles-bressol-i-veta-les-mascaretes-sanitaries-als-serveis-publics-768x429.jpeg 768w, https:\/\/percepcions.cat\/wp-content\/uploads\/2026\/04\/Quebec-tambe-prohibeix-el-vel-islamic-a-les-escoles-bressol-i-veta-les-mascaretes-sanitaries-als-serveis-publics-18x10.jpeg 18w, https:\/\/percepcions.cat\/wp-content\/uploads\/2026\/04\/Quebec-tambe-prohibeix-el-vel-islamic-a-les-escoles-bressol-i-veta-les-mascaretes-sanitaries-als-serveis-publics.jpeg 1000w\" title=\"\"><\/a><div class=\"pt-cv-taxoterm over_top_left\"><a href='https:\/\/percepcions.cat\/es\/tag\/canada\/' title='Canad\u00e0' class='pt-cv-tax-canada'>Canad\u00e0<\/a><a href='https:\/\/percepcions.cat\/es\/tag\/educacion\/' title='Educaci\u00f3' class='pt-cv-tax-educacio'>Educaci\u00f3<\/a><a href='https:\/\/percepcions.cat\/es\/tag\/velo-burka\/' title='Vel-Burka' class='pt-cv-tax-vel-burka'>Vel-Burka<\/a><\/div><\/div>\n<h2 class=\"pt-cv-title\"><a href=\"https:\/\/percepcions.cat\/es\/quebec-tambien-prohibe-el-velo-islamico-en-las-guarderias\/\" class=\"_self cvplbd\" target=\"_self\" >Quebec prohibeix tamb\u00e9 el vel isl\u00e0mic a les escoles bressol i veta les mascaretes sanit\u00e0ries als serveis p\u00fablics<\/a><\/h2>\n<div class=\"pt-cv-meta-fields\"><span class=\"entry-date\"> <time datetime=\"2026-04-19T13:34:36+02:00\">19 de abril de 2026<\/time><\/span><\/div>\n<div class=\"pt-cv-content\">L&#8217;implacable ministre de la\u00efcitat justifica la prohibici\u00f3 de la mascareta a les institucions p\u00fabliques &#8220;perqu\u00e8 la pand\u00e8mia ja ha passat i veure&#8217;s la cara \u00e9s la base de la comunicaci\u00f3 humana&#8221;. Tamb\u00e9 ha deixat clar &#8220;que les nostres institucions no son llocs de culte&#8221;.<\/div><\/div>\n<div class=\" pt-cv-content-item pt-cv-1-col\"  data-pid=\"13281\"><div class=\"pt-cv-thumb-wrapper  \"><a href=\"https:\/\/percepcions.cat\/es\/mujeres-musulmanas-pierden-su-trabajo-en-las-escuelas-de-montreal\/\" class=\"_self pt-cv-href-thumbnail pt-cv-thumb-default cvplbd cvp-lazy-container\" target=\"_self\" ><img loading=\"lazy\" decoding=\"async\" width=\"300\" height=\"167\" src=\"https:\/\/percepcions.cat\/wp-content\/plugins\/pt-content-views-pro\/public\/assets\/images\/lazy_image.png\" class=\"pt-cv-thumbnail img-none skip-lazy  cvplazy\" alt=\"Dones musulmanes perden la feina a les escoles de Montreal per negar-se a complir la llei del Quebec contra el hijab\" data-cvpsrc=\"https:\/\/percepcions.cat\/wp-content\/uploads\/2026\/04\/Dones-musulmanes-perden-la-feina-a-les-escoles-de-Montreal-per-negar-se-a-complir-la-llei-del-Quebec-sobre-el-hijab-300x167.jpeg\" data-cvpset=\"https:\/\/percepcions.cat\/wp-content\/uploads\/2026\/04\/Dones-musulmanes-perden-la-feina-a-les-escoles-de-Montreal-per-negar-se-a-complir-la-llei-del-Quebec-sobre-el-hijab-300x167.jpeg 300w, https:\/\/percepcions.cat\/wp-content\/uploads\/2026\/04\/Dones-musulmanes-perden-la-feina-a-les-escoles-de-Montreal-per-negar-se-a-complir-la-llei-del-Quebec-sobre-el-hijab-768x429.jpeg 768w, https:\/\/percepcions.cat\/wp-content\/uploads\/2026\/04\/Dones-musulmanes-perden-la-feina-a-les-escoles-de-Montreal-per-negar-se-a-complir-la-llei-del-Quebec-sobre-el-hijab-18x10.jpeg 18w, https:\/\/percepcions.cat\/wp-content\/uploads\/2026\/04\/Dones-musulmanes-perden-la-feina-a-les-escoles-de-Montreal-per-negar-se-a-complir-la-llei-del-Quebec-sobre-el-hijab.jpeg 1000w\" title=\"\"><\/a><div class=\"pt-cv-taxoterm over_top_left\"><a href='https:\/\/percepcions.cat\/es\/tag\/canada\/' title='Canad\u00e0' class='pt-cv-tax-canada'>Canad\u00e0<\/a><a href='https:\/\/percepcions.cat\/es\/tag\/educacion\/' title='Educaci\u00f3' class='pt-cv-tax-educacio'>Educaci\u00f3<\/a><a href='https:\/\/percepcions.cat\/es\/tag\/velo-burka\/' title='Vel-Burka' class='pt-cv-tax-vel-burka'>Vel-Burka<\/a><\/div><\/div>\n<h2 class=\"pt-cv-title\"><a href=\"https:\/\/percepcions.cat\/es\/mujeres-musulmanas-pierden-su-trabajo-en-las-escuelas-de-montreal\/\" class=\"_self cvplbd\" target=\"_self\" >Dones musulmanes perden la feina a les escoles de Montreal per negar-se a complir la llei del Quebec contra el hijab<\/a><\/h2>\n<div class=\"pt-cv-meta-fields\"><span class=\"entry-date\"> <time datetime=\"2026-04-18T09:37:34+02:00\">18 de abril de 2026<\/time><\/span><\/div>\n<div class=\"pt-cv-content\">Monitores de menjador o d&#8217;extraescolar, conserges o personal administratiu ja no poden portar el vel isl\u00e0mic a les escoles del Quebec. Unes 150 han preferit perdre la feina a respectar la llei.<\/div><\/div>\n<div class=\" pt-cv-content-item pt-cv-1-col\"  data-pid=\"13249\"><div class=\"pt-cv-thumb-wrapper  \"><a href=\"https:\/\/percepcions.cat\/es\/los-mohamed-ya-doblan-los-jordi-a-salto-rosas-y-castello-dempuries\/\" class=\"_self pt-cv-href-thumbnail pt-cv-thumb-default cvplbd cvp-lazy-container\" target=\"_self\" ><img loading=\"lazy\" decoding=\"async\" width=\"300\" height=\"169\" src=\"https:\/\/percepcions.cat\/wp-content\/plugins\/pt-content-views-pro\/public\/assets\/images\/lazy_image.png\" class=\"pt-cv-thumbnail img-none skip-lazy  cvplazy\" alt=\"Els Mohamed ja doblen els Jordi a Salt, Roses i Castell\u00f3 d\u2019Emp\u00faries\" data-cvpsrc=\"https:\/\/percepcions.cat\/wp-content\/uploads\/2026\/04\/ChatGPT-Image-17-abr-2026-22_23_48-300x169.png\" data-cvpset=\"https:\/\/percepcions.cat\/wp-content\/uploads\/2026\/04\/ChatGPT-Image-17-abr-2026-22_23_48-300x169.png 300w, https:\/\/percepcions.cat\/wp-content\/uploads\/2026\/04\/ChatGPT-Image-17-abr-2026-22_23_48-1024x576.png 1024w, https:\/\/percepcions.cat\/wp-content\/uploads\/2026\/04\/ChatGPT-Image-17-abr-2026-22_23_48-768x432.png 768w, https:\/\/percepcions.cat\/wp-content\/uploads\/2026\/04\/ChatGPT-Image-17-abr-2026-22_23_48-1536x864.png 1536w, https:\/\/percepcions.cat\/wp-content\/uploads\/2026\/04\/ChatGPT-Image-17-abr-2026-22_23_48-18x10.png 18w, https:\/\/percepcions.cat\/wp-content\/uploads\/2026\/04\/ChatGPT-Image-17-abr-2026-22_23_48.png 1672w\" title=\"\"><\/a><div class=\"pt-cv-taxoterm over_top_left\"><a href='https:\/\/percepcions.cat\/es\/tag\/catalunya\/' title='Catalunya' class='pt-cv-tax-catalunya'>Catalunya<\/a><\/div><\/div>\n<h2 class=\"pt-cv-title\"><a href=\"https:\/\/percepcions.cat\/es\/los-mohamed-ya-doblan-los-jordi-a-salto-rosas-y-castello-dempuries\/\" class=\"_self cvplbd\" target=\"_self\" >Els Mohamed ja doblen els Jordi a Salt, Roses i Castell\u00f3 d\u2019Emp\u00faries<\/a><\/h2>\n<div class=\"pt-cv-meta-fields\"><span class=\"entry-date\"> <time datetime=\"2026-04-16T22:06:57+02:00\">16 de abril de 2026<\/time><\/span><\/div>\n<div class=\"pt-cv-content\">Manlleu frega el 4% de poblaci\u00f3 amb el nom Mohamed, el percentatge m\u00e9s alt de Catalunya entre els municipis amb m\u00e9s poblaci\u00f3, nom\u00e9s per darrere d\u2019Aitona (5,2%). El fenomen destaca especialment a l\u2019Empord\u00e0 i Osona.<\/div><\/div>\n<div class=\" pt-cv-content-item pt-cv-1-col\"  data-pid=\"13240\"><div class=\"pt-cv-thumb-wrapper  \"><a href=\"https:\/\/percepcions.cat\/es\/un-medico-del-reino-unido-pierde-su-trabajo-para-pedir-a-una-paciente-que-se-quite-el-niqab\/\" class=\"_self pt-cv-href-thumbnail pt-cv-thumb-default cvplbd cvp-lazy-container\" target=\"_self\" ><img loading=\"lazy\" decoding=\"async\" width=\"300\" height=\"200\" src=\"https:\/\/percepcions.cat\/wp-content\/plugins\/pt-content-views-pro\/public\/assets\/images\/lazy_image.png\" class=\"pt-cv-thumbnail img-none skip-lazy  cvplazy\" alt=\"Un metge del Regne Unit perd la feina per demanar a una pacient que es tregui el niqab\" data-cvpsrc=\"https:\/\/percepcions.cat\/wp-content\/uploads\/2025\/09\/niqab-kirguistan-1-1-300x200.jpeg\" data-cvpset=\"https:\/\/percepcions.cat\/wp-content\/uploads\/2025\/09\/niqab-kirguistan-1-1-300x200.jpeg 300w, https:\/\/percepcions.cat\/wp-content\/uploads\/2025\/09\/niqab-kirguistan-1-1-18x12.jpeg 18w, https:\/\/percepcions.cat\/wp-content\/uploads\/2025\/09\/niqab-kirguistan-1-1.jpeg 599w\" title=\"\"><\/a><div class=\"pt-cv-taxoterm over_top_left\"><a href='https:\/\/percepcions.cat\/es\/tag\/reino-unido\/' title='Regne Unit' class='pt-cv-tax-regne-unit'>Regne Unit<\/a><a href='https:\/\/percepcions.cat\/es\/tag\/velo-burka\/' title='Vel-Burka' class='pt-cv-tax-vel-burka'>Vel-Burka<\/a><\/div><\/div>\n<h2 class=\"pt-cv-title\"><a href=\"https:\/\/percepcions.cat\/es\/un-medico-del-reino-unido-pierde-su-trabajo-para-pedir-a-una-paciente-que-se-quite-el-niqab\/\" class=\"_self cvplbd\" target=\"_self\" >Un metge del Regne Unit perd la feina per demanar a una pacient que es tregui el niqab<\/a><\/h2>\n<div class=\"pt-cv-meta-fields\"><span class=\"entry-date\"> <time datetime=\"2026-04-16T18:34:33+02:00\">16 de abril de 2026<\/time><\/span><\/div>\n<div class=\"pt-cv-content\">El metge va demanar retirar el niqab perqu\u00e8 assegurava que la pacient no parlava b\u00e9 angl\u00e8s i que tenia dificultats per entendre-la durant la consulta. El marit va posar una queixa per racisme.<\/div><\/div>\n<div class=\" pt-cv-content-item pt-cv-1-col\"  data-pid=\"13227\"><div class=\"pt-cv-thumb-wrapper  \"><a href=\"https:\/\/percepcions.cat\/es\/una-mezquita-dice-que-la-grua-se-extrema-derecha\/\" class=\"_self pt-cv-href-thumbnail pt-cv-thumb-default cvplbd cvp-lazy-container\" target=\"_self\" ><img loading=\"lazy\" decoding=\"async\" width=\"300\" height=\"187\" src=\"https:\/\/percepcions.cat\/wp-content\/plugins\/pt-content-views-pro\/public\/assets\/images\/lazy_image.png\" class=\"pt-cv-thumbnail img-none skip-lazy  cvplazy\" alt=\"Una mesquita diu que la grua municipal \u00e9s d&#039;extrema dreta perqu\u00e8 s&#039;emporta els cotxes dels fidels\" data-cvpsrc=\"https:\/\/percepcions.cat\/wp-content\/uploads\/2026\/04\/muslim-racist-300x187.jpg\" data-cvpset=\"https:\/\/percepcions.cat\/wp-content\/uploads\/2026\/04\/muslim-racist-300x187.jpg 300w, https:\/\/percepcions.cat\/wp-content\/uploads\/2026\/04\/muslim-racist-768x478.jpg 768w, https:\/\/percepcions.cat\/wp-content\/uploads\/2026\/04\/muslim-racist-18x12.jpg 18w, https:\/\/percepcions.cat\/wp-content\/uploads\/2026\/04\/muslim-racist.jpg 920w\" title=\"\"><\/a><div class=\"pt-cv-taxoterm over_top_left\"><a href='https:\/\/percepcions.cat\/es\/tag\/estados-unidos\/' title='Estats Units' class='pt-cv-tax-estats-units'>Estats Units<\/a><\/div><\/div>\n<h2 class=\"pt-cv-title\"><a href=\"https:\/\/percepcions.cat\/es\/una-mezquita-dice-que-la-grua-se-extrema-derecha\/\" class=\"_self cvplbd\" target=\"_self\" >Una mesquita diu que la grua municipal \u00e9s d&#8217;extrema dreta perqu\u00e8 s&#8217;emporta els cotxes dels fidels<\/a><\/h2>\n<div class=\"pt-cv-meta-fields\"><span class=\"entry-date\"> <time datetime=\"2026-04-15T22:31:27+02:00\">15 de abril de 2026<\/time><\/span><\/div>\n<div class=\"pt-cv-content\">Els fidels d\u2019una mesquita de Maine aparquen malament cada divendres i les autoritats els multen i retiren els vehicles. El responsable del servei de grues es fa viral amb una frase: \u201cun Honda Civic vermell \u00e9s un Honda Civic vermell\u201d.<\/div><\/div>\n<div class=\" pt-cv-content-item pt-cv-1-col\"  data-pid=\"13327\"><div class=\"pt-cv-thumb-wrapper  \"><a href=\"https:\/\/percepcions.cat\/es\/el-sindicato-policial-de-berlin-rechaza-el-hiyab\/\" class=\"_self pt-cv-href-thumbnail pt-cv-thumb-default cvplbd cvp-lazy-container\" target=\"_self\" ><img loading=\"lazy\" decoding=\"async\" width=\"300\" height=\"200\" src=\"https:\/\/percepcions.cat\/wp-content\/plugins\/pt-content-views-pro\/public\/assets\/images\/lazy_image.png\" class=\"pt-cv-thumbnail img-none skip-lazy  cvplazy\" alt=\"El sindicat policial de Berl\u00edn no vol agents amb hijab: \u201cJa n&#039;hi ha prou de fer servir l\u2019opressi\u00f3 patriarcal per guanyar vots\u201d\" data-cvpsrc=\"https:\/\/percepcions.cat\/wp-content\/uploads\/2025\/04\/policia-hijab-vel-islamic-300x200.png\" data-cvpset=\"https:\/\/percepcions.cat\/wp-content\/uploads\/2025\/04\/policia-hijab-vel-islamic-300x200.png 300w, https:\/\/percepcions.cat\/wp-content\/uploads\/2025\/04\/policia-hijab-vel-islamic-1024x683.png 1024w, https:\/\/percepcions.cat\/wp-content\/uploads\/2025\/04\/policia-hijab-vel-islamic-768x512.png 768w, https:\/\/percepcions.cat\/wp-content\/uploads\/2025\/04\/policia-hijab-vel-islamic-18x12.png 18w, https:\/\/percepcions.cat\/wp-content\/uploads\/2025\/04\/policia-hijab-vel-islamic.png 1200w\" title=\"\"><\/a><div class=\"pt-cv-taxoterm over_top_left\"><a href='https:\/\/percepcions.cat\/es\/tag\/alemanya\/' title='Alemanya' class='pt-cv-tax-alemanya'>Alemanya<\/a><a href='https:\/\/percepcions.cat\/es\/tag\/velo-burka\/' title='Vel-Burka' class='pt-cv-tax-vel-burka'>Vel-Burka<\/a><\/div><\/div>\n<h2 class=\"pt-cv-title\"><a href=\"https:\/\/percepcions.cat\/es\/el-sindicato-policial-de-berlin-rechaza-el-hiyab\/\" class=\"_self cvplbd\" target=\"_self\" >El sindicat policial de Berl\u00edn no vol agents amb hijab: \u201cJa n&#8217;hi ha prou de fer servir l\u2019opressi\u00f3 patriarcal per guanyar vots\u201d<\/a><\/h2>\n<div class=\"pt-cv-meta-fields\"><span class=\"entry-date\"> <time datetime=\"2026-04-14T18:16:40+02:00\">14 de abril de 2026<\/time><\/span><\/div>\n<div class=\"pt-cv-content\">Els agents contesten amb contund\u00e8ncia la proposta dels Verds i alerten del risc de barrejar religi\u00f3 i autoritat p\u00fablica. Afirmen que la policia &#8220;no pot convertir-se en un espai de representaci\u00f3 ideol\u00f2gica o religiosa&#8221;.<\/div><\/div>\n<div class=\" pt-cv-content-item pt-cv-1-col\"  data-pid=\"13197\"><div class=\"pt-cv-thumb-wrapper  \"><a href=\"https:\/\/percepcions.cat\/es\/barcelona-promueve-el-velo-islamico-en-la-publicidad-institucional-por-jovenes\/\" class=\"_self pt-cv-href-thumbnail pt-cv-thumb-default cvplbd cvp-lazy-container\" target=\"_self\" ><img loading=\"lazy\" decoding=\"async\" width=\"300\" height=\"169\" src=\"https:\/\/percepcions.cat\/wp-content\/plugins\/pt-content-views-pro\/public\/assets\/images\/lazy_image.png\" class=\"pt-cv-thumbnail img-none skip-lazy  cvplazy\" alt=\"Barcelona promou el vel isl\u00e0mic a la publicitat institucional per joves\" data-cvpsrc=\"https:\/\/percepcions.cat\/wp-content\/uploads\/2026\/04\/ajuntament-barcelona-vel-islamic-300x169.jpg\" data-cvpset=\"https:\/\/percepcions.cat\/wp-content\/uploads\/2026\/04\/ajuntament-barcelona-vel-islamic-300x169.jpg 300w, https:\/\/percepcions.cat\/wp-content\/uploads\/2026\/04\/ajuntament-barcelona-vel-islamic-18x10.jpg 18w, https:\/\/percepcions.cat\/wp-content\/uploads\/2026\/04\/ajuntament-barcelona-vel-islamic.jpg 570w\" title=\"\"><\/a><div class=\"pt-cv-taxoterm over_top_left\"><a href='https:\/\/percepcions.cat\/es\/tag\/catalunya\/' title='Catalunya' class='pt-cv-tax-catalunya'>Catalunya<\/a><a href='https:\/\/percepcions.cat\/es\/tag\/velo-burka\/' title='Vel-Burka' class='pt-cv-tax-vel-burka'>Vel-Burka<\/a><\/div><\/div>\n<h2 class=\"pt-cv-title\"><a href=\"https:\/\/percepcions.cat\/es\/barcelona-promueve-el-velo-islamico-en-la-publicidad-institucional-por-jovenes\/\" class=\"_self cvplbd\" target=\"_self\" >Barcelona promou el vel isl\u00e0mic a la publicitat institucional per joves<\/a><\/h2>\n<div class=\"pt-cv-meta-fields\"><span class=\"entry-date\"> <time datetime=\"2026-04-11T19:48:45+02:00\">11 de abril de 2026<\/time><\/span><\/div>\n<div class=\"pt-cv-content\">La imatge per fomentar la participaci\u00f3 als casals de barri inclou una noia amb vestimenta religiosa. L&#8217;Ajuntament transmet aix\u00ed que la submissi\u00f3 a l&#8217;islam forma part de la identitat del jovent barcelon\u00ed.<\/div><\/div>\n<div class=\" pt-cv-content-item pt-cv-1-col\"  data-pid=\"13160\"><div class=\"pt-cv-thumb-wrapper  \"><a href=\"https:\/\/percepcions.cat\/es\/juntos-burka-sin-sanciones\/\" class=\"_self pt-cv-href-thumbnail pt-cv-thumb-default cvplbd cvp-lazy-container\" target=\"_self\" ><img loading=\"lazy\" decoding=\"async\" width=\"300\" height=\"200\" src=\"https:\/\/percepcions.cat\/wp-content\/plugins\/pt-content-views-pro\/public\/assets\/images\/lazy_image.png\" class=\"pt-cv-thumbnail img-none skip-lazy  cvplazy\" alt=\"Junts pret\u00e9n que li votin prohibir el burka sense sancions amb una llei que inclou el control de fronteres i el DNI\" data-cvpsrc=\"https:\/\/percepcions.cat\/wp-content\/uploads\/2026\/04\/Junts-llei-burka-1-300x200.jpg\" data-cvpset=\"https:\/\/percepcions.cat\/wp-content\/uploads\/2026\/04\/Junts-llei-burka-1-300x200.jpg 300w, https:\/\/percepcions.cat\/wp-content\/uploads\/2026\/04\/Junts-llei-burka-1-1024x683.jpg 1024w, https:\/\/percepcions.cat\/wp-content\/uploads\/2026\/04\/Junts-llei-burka-1-768x512.jpg 768w, https:\/\/percepcions.cat\/wp-content\/uploads\/2026\/04\/Junts-llei-burka-1-18x12.jpg 18w, https:\/\/percepcions.cat\/wp-content\/uploads\/2026\/04\/Junts-llei-burka-1.jpg 1200w\" title=\"\"><\/a><div class=\"pt-cv-taxoterm over_top_left\"><a href='https:\/\/percepcions.cat\/es\/tag\/catalunya\/' title='Catalunya' class='pt-cv-tax-catalunya'>Catalunya<\/a><a href='https:\/\/percepcions.cat\/es\/tag\/espanya\/' title='Espanya' class='pt-cv-tax-espanya'>Espanya<\/a><a href='https:\/\/percepcions.cat\/es\/tag\/velo-burka\/' title='Vel-Burka' class='pt-cv-tax-vel-burka'>Vel-Burka<\/a><\/div><\/div>\n<h2 class=\"pt-cv-title\"><a href=\"https:\/\/percepcions.cat\/es\/juntos-burka-sin-sanciones\/\" class=\"_self cvplbd\" target=\"_self\" >Junts pret\u00e9n que li votin prohibir el burka sense sancions amb una llei que inclou el control de fronteres i el DNI<\/a><\/h2>\n<div class=\"pt-cv-meta-fields\"><span class=\"entry-date\"> <time datetime=\"2026-04-11T10:33:56+02:00\">11 de abril de 2026<\/time><\/span><\/div>\n<div class=\"pt-cv-content\">Despr\u00e9s de votar en contra de prohibir el burka perqu\u00e8 ho proposava VOX ara Junts presenta una llei sense sancions, amb excepcions i que inclou que Catalunya controli fronteres, emeti el DNI i deporti persones.<\/div><\/div>\n<div class=\" pt-cv-content-item pt-cv-1-col\"  data-pid=\"13150\"><div class=\"pt-cv-thumb-wrapper  \"><a href=\"https:\/\/percepcions.cat\/es\/musulma-agrede-a-una-mujer-el-centro-de-barcelona-al-grito-de-puta-cristiana\/\" class=\"_self pt-cv-href-thumbnail pt-cv-thumb-default cvplbd cvp-lazy-container\" target=\"_self\" ><img loading=\"lazy\" decoding=\"async\" width=\"300\" height=\"200\" src=\"https:\/\/percepcions.cat\/wp-content\/plugins\/pt-content-views-pro\/public\/assets\/images\/lazy_image.png\" class=\"pt-cv-thumbnail img-none skip-lazy  cvplazy\" alt=\"Musulm\u00e0 agredeix una dona el centre de Barcelona al crit de &quot;puta cristiana&quot;\" data-cvpsrc=\"https:\/\/percepcions.cat\/wp-content\/uploads\/2026\/04\/Musulma-agredeix-una-dona-el-centre-de-Barcelona-al-crit-de-puta-cristiana-300x200.png\" data-cvpset=\"https:\/\/percepcions.cat\/wp-content\/uploads\/2026\/04\/Musulma-agredeix-una-dona-el-centre-de-Barcelona-al-crit-de-puta-cristiana-300x200.png 300w, https:\/\/percepcions.cat\/wp-content\/uploads\/2026\/04\/Musulma-agredeix-una-dona-el-centre-de-Barcelona-al-crit-de-puta-cristiana-1024x683.png 1024w, https:\/\/percepcions.cat\/wp-content\/uploads\/2026\/04\/Musulma-agredeix-una-dona-el-centre-de-Barcelona-al-crit-de-puta-cristiana-768x512.png 768w, https:\/\/percepcions.cat\/wp-content\/uploads\/2026\/04\/Musulma-agredeix-una-dona-el-centre-de-Barcelona-al-crit-de-puta-cristiana-18x12.png 18w, https:\/\/percepcions.cat\/wp-content\/uploads\/2026\/04\/Musulma-agredeix-una-dona-el-centre-de-Barcelona-al-crit-de-puta-cristiana.png 1200w\" title=\"\"><\/a><div class=\"pt-cv-taxoterm over_top_left\"><a href='https:\/\/percepcions.cat\/es\/tag\/catalunya\/' title='Catalunya' class='pt-cv-tax-catalunya'>Catalunya<\/a><a href='https:\/\/percepcions.cat\/es\/tag\/cristianofobia\/' title='Cristianof\u00f2bia' class='pt-cv-tax-cristianofobia'>Cristianof\u00f2bia<\/a><\/div><\/div>\n<h2 class=\"pt-cv-title\"><a href=\"https:\/\/percepcions.cat\/es\/musulma-agrede-a-una-mujer-el-centro-de-barcelona-al-grito-de-puta-cristiana\/\" class=\"_self cvplbd\" target=\"_self\" >Musulm\u00e0 agredeix una dona el centre de Barcelona al crit de &#8220;puta cristiana&#8221;<\/a><\/h2>\n<div class=\"pt-cv-meta-fields\"><span class=\"entry-date\"> <time datetime=\"2026-04-10T13:39:31+02:00\">10 de abril de 2026<\/time><\/span><\/div>\n<div class=\"pt-cv-content\">La dona passejava per La Rambla i un marroqu\u00ed li va preguntar quina religi\u00f3 seguia. Al dir que era cristiana la va agredir. Els Mossos descarten radicalisme religi\u00f3s i investiguen la motivaci\u00f3.<\/div><\/div><\/div><\/div>\n<div class=\"text-center pt-cv-pagination-wrapper\"><a href='https:\/\/percepcions.cat\/es\/wp-json\/wp\/v2\/pages\/2956\/?_page=2' onclick='event.preventDefault()' class=\"pt-cv-more btn btn-primary btn-sm\" data-totalpages=\"40\" data-nextpages=\"2\" data-sid=\"5d95a94cxe\" data-unid=\"\" data-isblock=\"\" data-postid=\"\">M\u00e9s Percepcions <span class=\"caret\"><\/span><\/a><img loading=\"lazy\" decoding=\"async\" width=\"15\" height=\"15\" class=\"pt-cv-spinner\" alt=\"Cargando...\" src=\"data:image\/gif;base64,R0lGODlhDwAPALMPAMrKygwMDJOTkz09PZWVla+vr3p6euTk5M7OzuXl5TMzMwAAAJmZmWZmZszMzP\/\/\/yH\/C05FVFNDQVBFMi4wAwEAAAAh+QQFCgAPACwAAAAADwAPAAAEQvDJaZaZOIcV8iQK8VRX4iTYoAwZ4iCYoAjZ4RxejhVNoT+mRGP4cyF4Pp0N98sBGIBMEMOotl6YZ3S61Bmbkm4mAgAh+QQFCgAPACwAAAAADQANAAAENPDJSRSZeA418itN8QiK8BiLITVsFiyBBIoYqnoewAD4xPw9iY4XLGYSjkQR4UAUD45DLwIAIfkEBQoADwAsAAAAAA8ACQAABC\/wyVlamTi3nSdgwFNdhEJgTJoNyoB9ISYoQmdjiZPcj7EYCAeCF1gEDo4Dz2eIAAAh+QQFCgAPACwCAAAADQANAAAEM\/DJBxiYeLKdX3IJZT1FU0iIg2RNKx3OkZVnZ98ToRD4MyiDnkAh6BkNC0MvsAj0kMpHBAAh+QQFCgAPACwGAAAACQAPAAAEMDC59KpFDll73HkAA2wVY5KgiK5b0RRoI6MuzG6EQqCDMlSGheEhUAgqgUUAFRySIgAh+QQFCgAPACwCAAIADQANAAAEM\/DJKZNLND\/kkKaHc3xk+QAMYDKsiaqmZCxGVjSFFCxB1vwy2oOgIDxuucxAMTAJFAJNBAAh+QQFCgAPACwAAAYADwAJAAAEMNAs86q1yaWwwv2Ig0jUZx3OYa4XoRAfwADXoAwfo1+CIjyFRuEho60aSNYlOPxEAAAh+QQFCgAPACwAAAIADQANAAAENPA9s4y8+IUVcqaWJ4qEQozSoAzoIyhCK2NFU2SJk0hNnyEOhKR2AzAAj4Pj4GE4W0bkJQIAOw==\" title=\"\"><div class=\"clear pt-cv-clear-pagination\"><\/div><\/div><\/div>\t\t\t<style type=\"text\/css\" id=\"pt-cv-inline-style-60d8918pie\">\n#pt-cv-view-5d95a94cxe .pt-cv-thumb-wrapper:not(.miniwrap) {  }#pt-cv-view-5d95a94cxe .pt-cv-thumbnail:not(.pt-cv-thumbnailsm) { height: 250px; }#pt-cv-view-5d95a94cxe > .pt-cv-page {grid-template-columns: repeat(3, 1fr);grid-gap: 15px;}\n@media all and (max-width: 1024px) { \n#pt-cv-view-5d95a94cxe > .pt-cv-page {grid-template-columns: repeat(1, 1fr);}\n} \n@media all and (max-width: 767px) { \n#pt-cv-view-5d95a94cxe > .pt-cv-page {grid-template-columns: repeat(1, 1fr);}\n} <\/style>\r\n\t\t\t\t\t\t<style type=\"text\/css\" id=\"pt-cv-inline-style-1b9dc64rq5\"> #pt-cv-view-5d95a94cxe[class*='cveffect'] .pt-cv-thumb-wrapper, #pt-cv-view-5d95a94cxe:not([class*='cveffect']) .pt-cv-thumbnail, #pt-cv-view-5d95a94cxe  .cvp-responsive-image[style*=background-image] { border-width: 1px 1px 1px 1px }\n #pt-cv-view-5d95a94cxe[class*='cveffect'] .pt-cv-thumb-wrapper, #pt-cv-view-5d95a94cxe:not([class*='cveffect']) .pt-cv-thumbnail, #pt-cv-view-5d95a94cxe  .cvp-responsive-image[style*=background-image] { border-style: solid }\n #pt-cv-view-5d95a94cxe[class*='cveffect'] .pt-cv-thumb-wrapper, #pt-cv-view-5d95a94cxe:not([class*='cveffect']) .pt-cv-thumbnail, #pt-cv-view-5d95a94cxe  .cvp-responsive-image[style*=background-image] { border-color: #0f4c81 }\n#pt-cv-view-5d95a94cxe .pt-cv-taxoterm * { font-family: 'Noto Sans', Arial, serif !important; color: #ffffff !important; background-color: #0f4c81 !important; font-weight: 600 !important; margin: 0px 5px 0px 0px !important; padding: 1px 6px 1px 6px !important; border-radius: 3px 3px 3px 3px !important; }\n#pt-cv-view-5d95a94cxe .pt-cv-title a, #pt-cv-view-5d95a94cxe  .panel-title { font-family: 'Noto Sans', Arial, serif !important; font-size: 24px !important; line-height: 1.3 !important; color: #000000 !important; font-weight: 600 !important; }\n#pt-cv-view-5d95a94cxe .pt-cv-content , #pt-cv-view-5d95a94cxe  .pt-cv-content *:not(.pt-cv-readmore):not(style):not(script) { font-family: 'Noto Sans', Arial, serif !important; font-size: 16px !important; line-height: 1.3 !important; color: #000000 !important; }\n#pt-cv-view-5d95a94cxe .pt-cv-meta-fields * { font-size: 15px !important; line-height: 1.3 !important; color: #000000 !important; }\n#pt-cv-view-5d95a94cxe .pt-cv-readmore  { color: #ffffff !important; background-color: #00aeef !important; }\n#pt-cv-view-5d95a94cxe .pt-cv-readmore:hover  { color: #ffffff !important; background-color: #00aeef !important; }\n#pt-cv-view-5d95a94cxe  + .pt-cv-pagination-wrapper .pt-cv-more , #pt-cv-view-5d95a94cxe  + .pt-cv-pagination-wrapper .pagination .active a, .pt-cv-pagination[data-sid='5d95a94cxe'] .active a { font-size: 19px !important; line-height: 1.3 !important; color: #ffffff !important; background-color: #0f4c81 !important; font-weight: 600 !important; padding: 1px 6px 1px 6px !important; border-radius: 3px 3px 3px 3px !important; }<\/style>\r\n\t\t\t<link href='\/\/fonts.googleapis.com\/css?family=Noto+Sans' rel='stylesheet' type='text\/css'><\/div><\/div>\n\n\n\n<div class=\"wp-block-uagb-container uag-hide-desktop uagb-block-4d0539a3 alignfull uagb-is-root-container\"><div class=\"uagb-container-inner-blocks-wrap\"><div class=\"pt-cv-wrapper\"><div class=\"pt-cv-view pt-cv-blockgrid iscvblock iscvhybrid grid1 layout1 pt-cv-pgloadmore\" id=\"pt-cv-view-a6d38d031z\"><div data-id=\"pt-cv-page-1\" class=\"pt-cv-page\" data-cvc=\"3\"><div class=\" pt-cv-content-item pt-cv-1-col\"  data-pid=\"13449\"><div class=\"pt-cv-thumb-wrapper  \"><a href=\"https:\/\/percepcions.cat\/es\/la-fiscalia-investiga-a-politicos-alemanes-para-encubrir-violaciones\/\" class=\"_self pt-cv-href-thumbnail pt-cv-thumb-default cvplbd\" target=\"_self\" ><img loading=\"lazy\" decoding=\"async\" width=\"768\" height=\"512\" src=\"https:\/\/percepcions.cat\/wp-content\/uploads\/2026\/04\/La-fiscalia-investiga-politics-alemanys-per-encobrir-violacions-en-grup-en-casals-de-joves-per-no-estigmatitzar-els-musulmans-768x512.jpg\" class=\"pt-cv-thumbnail img-none\" alt=\"La policia alemanya investiga pol\u00edtics d&#039;esquerres per no actuar davant violacions en grup en casals de joves per no &quot;estigmatitzar els musulmans&quot;\" srcset=\"https:\/\/percepcions.cat\/wp-content\/uploads\/2026\/04\/La-fiscalia-investiga-politics-alemanys-per-encobrir-violacions-en-grup-en-casals-de-joves-per-no-estigmatitzar-els-musulmans-768x512.jpg 768w, https:\/\/percepcions.cat\/wp-content\/uploads\/2026\/04\/La-fiscalia-investiga-politics-alemanys-per-encobrir-violacions-en-grup-en-casals-de-joves-per-no-estigmatitzar-els-musulmans-300x200.jpg 300w, https:\/\/percepcions.cat\/wp-content\/uploads\/2026\/04\/La-fiscalia-investiga-politics-alemanys-per-encobrir-violacions-en-grup-en-casals-de-joves-per-no-estigmatitzar-els-musulmans-18x12.jpg 18w, https:\/\/percepcions.cat\/wp-content\/uploads\/2026\/04\/La-fiscalia-investiga-politics-alemanys-per-encobrir-violacions-en-grup-en-casals-de-joves-per-no-estigmatitzar-els-musulmans.jpg 1000w\" sizes=\"auto, (max-width: 768px) 100vw, 768px\" title=\"\"><\/a><div class=\"pt-cv-taxoterm over_top_left\"><a href='https:\/\/percepcions.cat\/es\/tag\/alemanya\/' title='Alemanya' class='pt-cv-tax-alemanya'>Alemanya<\/a><a href='https:\/\/percepcions.cat\/es\/tag\/violacions\/' title='Violacions' class='pt-cv-tax-violacions'>Violacions<\/a><\/div><\/div>\n<p class=\"pt-cv-title\"><a href=\"https:\/\/percepcions.cat\/es\/la-fiscalia-investiga-a-politicos-alemanes-para-encubrir-violaciones\/\" class=\"_self cvplbd\" target=\"_self\" >La policia alemanya investiga pol\u00edtics d&#8217;esquerres per no actuar davant violacions en grup en casals de joves per no &#8220;estigmatitzar els musulmans&#8221;<\/a><\/p>\n<div class=\"pt-cv-meta-fields\"><span class=\"entry-date\"> <time datetime=\"2026-04-29T09:38:30+02:00\">29 de abril de 2026<\/time><\/span><\/div>\n<div class=\"pt-cv-content\">La investigaci\u00f3 apunta que la regidora de Joventut de Neuk\u00f6lln (Berl\u00edn) , del partit d\u2019esquerres Die Linke, va impedir que els serveis socials denunciessin violacions a la policia. Finalment, va ser el pare d&#8217;una v\u00edctima qui va presentar la den\u00fancia.<\/div><\/div>\n<div class=\" pt-cv-content-item pt-cv-1-col\"  data-pid=\"13439\"><div class=\"pt-cv-thumb-wrapper  \"><a href=\"https:\/\/percepcions.cat\/es\/despedido-a-un-trabajador-en-dinamarca-por-cocinar-cerdo\/\" class=\"_self pt-cv-href-thumbnail pt-cv-thumb-default cvplbd\" target=\"_self\" ><img loading=\"lazy\" decoding=\"async\" width=\"768\" height=\"512\" src=\"https:\/\/percepcions.cat\/wp-content\/uploads\/2026\/04\/Acomiadat-un-treballador-a-Dinamarca-per-cuinar-porc-per-a-ell-en-un-centre-dacollida-768x512.png\" class=\"pt-cv-thumbnail img-none\" alt=\"Acomiadat un treballador a Dinamarca per cuinar porc\" srcset=\"https:\/\/percepcions.cat\/wp-content\/uploads\/2026\/04\/Acomiadat-un-treballador-a-Dinamarca-per-cuinar-porc-per-a-ell-en-un-centre-dacollida-768x512.png 768w, https:\/\/percepcions.cat\/wp-content\/uploads\/2026\/04\/Acomiadat-un-treballador-a-Dinamarca-per-cuinar-porc-per-a-ell-en-un-centre-dacollida-300x200.png 300w, https:\/\/percepcions.cat\/wp-content\/uploads\/2026\/04\/Acomiadat-un-treballador-a-Dinamarca-per-cuinar-porc-per-a-ell-en-un-centre-dacollida-18x12.png 18w, https:\/\/percepcions.cat\/wp-content\/uploads\/2026\/04\/Acomiadat-un-treballador-a-Dinamarca-per-cuinar-porc-per-a-ell-en-un-centre-dacollida.png 1000w\" sizes=\"auto, (max-width: 768px) 100vw, 768px\" title=\"\"><\/a><div class=\"pt-cv-taxoterm over_top_left\"><a href='https:\/\/percepcions.cat\/es\/tag\/dinamarca\/' title='Dinamarca' class='pt-cv-tax-dinamarca'>Dinamarca<\/a><a href='https:\/\/percepcions.cat\/es\/tag\/halal\/' title='Halal' class='pt-cv-tax-halal'>Halal<\/a><\/div><\/div>\n<p class=\"pt-cv-title\"><a href=\"https:\/\/percepcions.cat\/es\/despedido-a-un-trabajador-en-dinamarca-por-cocinar-cerdo\/\" class=\"_self cvplbd\" target=\"_self\" >Acomiadat un treballador a Dinamarca per cuinar porc<\/a><\/p>\n<div class=\"pt-cv-meta-fields\"><span class=\"entry-date\"> <time datetime=\"2026-04-26T01:00:48+02:00\">26 de abril de 2026<\/time><\/span><\/div>\n<div class=\"pt-cv-content\">El treballador d\u2019un centre d\u2019immigrants es fa cansalada per a ell mateix i l\u2019acomiaden. El centre prohibeix el porc a tothom per evitar conflictes amb joves musulmans i ho presenta com una \u201cestrat\u00e8gia de conviv\u00e8ncia\u201d.<\/div><\/div>\n<div class=\" pt-cv-content-item pt-cv-1-col\"  data-pid=\"13408\"><div class=\"pt-cv-thumb-wrapper  \"><a href=\"https:\/\/percepcions.cat\/es\/panico-a-la-izquierda-britanica\/\" class=\"_self pt-cv-href-thumbnail pt-cv-thumb-default cvplbd\" target=\"_self\" ><img loading=\"lazy\" decoding=\"async\" width=\"768\" height=\"406\" src=\"https:\/\/percepcions.cat\/wp-content\/uploads\/2026\/04\/Panic-a-lesquerra-britanica-per-laparicio-de-partits-musulmans-a-lest-de-Londres-768x406.jpeg\" class=\"pt-cv-thumbnail img-none\" alt=\"P\u00e0nic a l&#039;esquerra brit\u00e0nica per l&#039;aparici\u00f3 de partits musulmans a barris de Londres\" srcset=\"https:\/\/percepcions.cat\/wp-content\/uploads\/2026\/04\/Panic-a-lesquerra-britanica-per-laparicio-de-partits-musulmans-a-lest-de-Londres-768x406.jpeg 768w, https:\/\/percepcions.cat\/wp-content\/uploads\/2026\/04\/Panic-a-lesquerra-britanica-per-laparicio-de-partits-musulmans-a-lest-de-Londres-300x159.jpeg 300w, https:\/\/percepcions.cat\/wp-content\/uploads\/2026\/04\/Panic-a-lesquerra-britanica-per-laparicio-de-partits-musulmans-a-lest-de-Londres-18x10.jpeg 18w, https:\/\/percepcions.cat\/wp-content\/uploads\/2026\/04\/Panic-a-lesquerra-britanica-per-laparicio-de-partits-musulmans-a-lest-de-Londres.jpeg 945w\" sizes=\"auto, (max-width: 768px) 100vw, 768px\" title=\"\"><\/a><div class=\"pt-cv-taxoterm over_top_left\"><a href='https:\/\/percepcions.cat\/es\/tag\/reino-unido\/' title='Regne Unit' class='pt-cv-tax-regne-unit'>Regne Unit<\/a><\/div><\/div>\n<p class=\"pt-cv-title\"><a href=\"https:\/\/percepcions.cat\/es\/panico-a-la-izquierda-britanica\/\" class=\"_self cvplbd\" target=\"_self\" >P\u00e0nic a l&#8217;esquerra brit\u00e0nica per l&#8217;aparici\u00f3 de partits musulmans a barris de Londres<\/a><\/p>\n<div class=\"pt-cv-meta-fields\"><span class=\"entry-date\"> <time datetime=\"2026-04-25T15:18:56+02:00\">25 de abril de 2026<\/time><\/span><\/div>\n<div class=\"pt-cv-content\">Les eleccions als districtes de Londres del 7 de maig es presenten complicades per al Partit Laborista per un suposat posicionament tou respecte Palestina. Fins a 1800 regidors musulmans sense control de cap partit tradicional poden obtenir representaci\u00f3.<\/div><\/div>\n<div class=\" pt-cv-content-item pt-cv-1-col\"  data-pid=\"13384\"><div class=\"pt-cv-thumb-wrapper  \"><a href=\"https:\/\/percepcions.cat\/es\/el-psc-de-lleida-hace-creer-que-quiere-prohibir-el-burka-y-el-niqab\/\" class=\"_self pt-cv-href-thumbnail pt-cv-thumb-default cvplbd\" target=\"_self\" ><img loading=\"lazy\" decoding=\"async\" width=\"768\" height=\"512\" src=\"https:\/\/percepcions.cat\/wp-content\/uploads\/2026\/04\/El-PSC-de-Lleida-diu-que-vol-prohibir-el-burka-i-el-niqab-amb-lexcepcio-dels-drets-fonamentals-768x512.jpg\" class=\"pt-cv-thumbnail img-none\" alt=\"El PSC de Lleida prohibeix el burca i el niqab amb una normativa que no els prohibeix\" srcset=\"https:\/\/percepcions.cat\/wp-content\/uploads\/2026\/04\/El-PSC-de-Lleida-diu-que-vol-prohibir-el-burka-i-el-niqab-amb-lexcepcio-dels-drets-fonamentals-768x512.jpg 768w, https:\/\/percepcions.cat\/wp-content\/uploads\/2026\/04\/El-PSC-de-Lleida-diu-que-vol-prohibir-el-burka-i-el-niqab-amb-lexcepcio-dels-drets-fonamentals-300x200.jpg 300w, https:\/\/percepcions.cat\/wp-content\/uploads\/2026\/04\/El-PSC-de-Lleida-diu-que-vol-prohibir-el-burka-i-el-niqab-amb-lexcepcio-dels-drets-fonamentals-1024x683.jpg 1024w, https:\/\/percepcions.cat\/wp-content\/uploads\/2026\/04\/El-PSC-de-Lleida-diu-que-vol-prohibir-el-burka-i-el-niqab-amb-lexcepcio-dels-drets-fonamentals-18x12.jpg 18w, https:\/\/percepcions.cat\/wp-content\/uploads\/2026\/04\/El-PSC-de-Lleida-diu-que-vol-prohibir-el-burka-i-el-niqab-amb-lexcepcio-dels-drets-fonamentals.jpg 1200w\" sizes=\"auto, (max-width: 768px) 100vw, 768px\" title=\"\"><\/a><div class=\"pt-cv-taxoterm over_top_left\"><a href='https:\/\/percepcions.cat\/es\/tag\/catalunya\/' title='Catalunya' class='pt-cv-tax-catalunya'>Catalunya<\/a><a href='https:\/\/percepcions.cat\/es\/tag\/velo-burka\/' title='Vel-Burka' class='pt-cv-tax-vel-burka'>Vel-Burka<\/a><\/div><\/div>\n<p class=\"pt-cv-title\"><a href=\"https:\/\/percepcions.cat\/es\/el-psc-de-lleida-hace-creer-que-quiere-prohibir-el-burka-y-el-niqab\/\" class=\"_self cvplbd\" target=\"_self\" >El PSC de Lleida prohibeix el burca i el niqab amb una normativa que no els prohibeix<\/a><\/p>\n<div class=\"pt-cv-meta-fields\"><span class=\"entry-date\"> <time datetime=\"2026-04-23T16:10:50+02:00\">23 de abril de 2026<\/time><\/span><\/div>\n<div class=\"pt-cv-content\">La proposta d&#8217;ordenan\u00e7a de civisme de Lleida prohibeix &#8220;tapar-se la cara&#8221; excepte en llocs de culte, all\u00e0 &#8220;on \u00e9s habitual&#8221; i quan &#8220;s&#8217;exerceix un dret fonamental&#8221;. Ni cita el burka ni el niqab .<\/div><\/div>\n<div class=\" pt-cv-content-item pt-cv-1-col\"  data-pid=\"13375\"><div class=\"pt-cv-thumb-wrapper  \"><a href=\"https:\/\/percepcions.cat\/es\/reforma-institutos-publicos-de-los-eeuu-incluyen-oratorios-musulmanes\/\" class=\"_self pt-cv-href-thumbnail pt-cv-thumb-default cvplbd\" target=\"_self\" ><img loading=\"lazy\" decoding=\"async\" width=\"549\" height=\"412\" src=\"https:\/\/percepcions.cat\/wp-content\/uploads\/2026\/04\/sales-oracio.jpg\" class=\"pt-cv-thumbnail img-none\" alt=\"Les obres de reforma d&#039;instituts p\u00fablics dels EUA inclouen oratoris i rentapeus per a musulmans\" srcset=\"https:\/\/percepcions.cat\/wp-content\/uploads\/2026\/04\/sales-oracio.jpg 549w, https:\/\/percepcions.cat\/wp-content\/uploads\/2026\/04\/sales-oracio-300x225.jpg 300w, https:\/\/percepcions.cat\/wp-content\/uploads\/2026\/04\/sales-oracio-16x12.jpg 16w\" sizes=\"auto, (max-width: 549px) 100vw, 549px\" title=\"\"><\/a><div class=\"pt-cv-taxoterm over_top_left\"><a href='https:\/\/percepcions.cat\/es\/tag\/educacion\/' title='Educaci\u00f3' class='pt-cv-tax-educacio'>Educaci\u00f3<\/a><a href='https:\/\/percepcions.cat\/es\/tag\/estados-unidos\/' title='Estats Units' class='pt-cv-tax-estats-units'>Estats Units<\/a><\/div><\/div>\n<p class=\"pt-cv-title\"><a href=\"https:\/\/percepcions.cat\/es\/reforma-institutos-publicos-de-los-eeuu-incluyen-oratorios-musulmanes\/\" class=\"_self cvplbd\" target=\"_self\" >Les obres de reforma d&#8217;instituts p\u00fablics dels EUA inclouen oratoris i rentapeus per a musulmans<\/a><\/p>\n<div class=\"pt-cv-meta-fields\"><span class=\"entry-date\"> <time datetime=\"2026-04-22T17:03:40+02:00\">22 de abril de 2026<\/time><\/span><\/div>\n<div class=\"pt-cv-content\">Una investigaci\u00f3 period\u00edstica destapa els pl\u00e0nols de la reforma de dos instituts. Els gestors escolars diuen que nom\u00e9s &#8220;s&#8217;adapten a les necessitats del usuaris&#8221; i que &#8220;atenen la diversitat&#8221;.<\/div><\/div>\n<div class=\" pt-cv-content-item pt-cv-1-col\"  data-pid=\"13370\"><div class=\"pt-cv-thumb-wrapper  \"><a href=\"https:\/\/percepcions.cat\/es\/el-reino-unido-prohibe-entrar-en-el-pais-a-una-ciudadana-de-dios-porque-quemo-un-alcora\/\" class=\"_self pt-cv-href-thumbnail pt-cv-thumb-default cvplbd\" target=\"_self\" ><img loading=\"lazy\" decoding=\"async\" width=\"640\" height=\"400\" src=\"https:\/\/percepcions.cat\/wp-content\/uploads\/2025\/08\/La-candidata-al-Congres-dels-EUA-Valentina-Gomez-crema-un-Alcora-amb-un-llancaflames.jpg\" class=\"pt-cv-thumbnail img-none\" alt=\"El Regne Unit prohibeix entrar al pa\u00eds a una ciutadana d&#039;EUA perqu\u00e8 va cremar un Alcor\u00e0\" srcset=\"https:\/\/percepcions.cat\/wp-content\/uploads\/2025\/08\/La-candidata-al-Congres-dels-EUA-Valentina-Gomez-crema-un-Alcora-amb-un-llancaflames.jpg 640w, https:\/\/percepcions.cat\/wp-content\/uploads\/2025\/08\/La-candidata-al-Congres-dels-EUA-Valentina-Gomez-crema-un-Alcora-amb-un-llancaflames-300x188.jpg 300w, https:\/\/percepcions.cat\/wp-content\/uploads\/2025\/08\/La-candidata-al-Congres-dels-EUA-Valentina-Gomez-crema-un-Alcora-amb-un-llancaflames-18x12.jpg 18w\" sizes=\"auto, (max-width: 640px) 100vw, 640px\" title=\"\"><\/a><div class=\"pt-cv-taxoterm over_top_left\"><a href='https:\/\/percepcions.cat\/es\/tag\/reino-unido\/' title='Regne Unit' class='pt-cv-tax-regne-unit'>Regne Unit<\/a><\/div><\/div>\n<p class=\"pt-cv-title\"><a href=\"https:\/\/percepcions.cat\/es\/el-reino-unido-prohibe-entrar-en-el-pais-a-una-ciudadana-de-dios-porque-quemo-un-alcora\/\" class=\"_self cvplbd\" target=\"_self\" >El Regne Unit prohibeix entrar al pa\u00eds a una ciutadana d&#8217;EUA perqu\u00e8 va cremar un Alcor\u00e0<\/a><\/p>\n<div class=\"pt-cv-meta-fields\"><span class=\"entry-date\"> <time datetime=\"2026-04-21T16:28:57+02:00\">21 de abril de 2026<\/time><\/span><\/div>\n<div class=\"pt-cv-content\">La ministra musulmana Shabana Mahmood s&#8217;ha ocupat personalment de vetar l&#8217;entrada al Regne Unit de l&#8217;activista antiislam Valentina G\u00f3mez.<\/div><\/div>\n<div class=\" pt-cv-content-item pt-cv-1-col\"  data-pid=\"13337\"><div class=\"pt-cv-thumb-wrapper  \"><a href=\"https:\/\/percepcions.cat\/es\/los-verdes-alemanes-presentan-medidas-para-fomentar-la-vida-islamica\/\" class=\"_self pt-cv-href-thumbnail pt-cv-thumb-default cvplbd\" target=\"_self\" ><img loading=\"lazy\" decoding=\"async\" width=\"768\" height=\"429\" src=\"https:\/\/percepcions.cat\/wp-content\/uploads\/2026\/04\/Els-Verds-alemanys-presenten-mesures-per-fomentar-la-vida-islamica-768x429.jpeg\" class=\"pt-cv-thumbnail img-none\" alt=\"Els Verds alemanys presenten mesures per fomentar la vida isl\u00e0mica\" srcset=\"https:\/\/percepcions.cat\/wp-content\/uploads\/2026\/04\/Els-Verds-alemanys-presenten-mesures-per-fomentar-la-vida-islamica-768x429.jpeg 768w, https:\/\/percepcions.cat\/wp-content\/uploads\/2026\/04\/Els-Verds-alemanys-presenten-mesures-per-fomentar-la-vida-islamica-300x167.jpeg 300w, https:\/\/percepcions.cat\/wp-content\/uploads\/2026\/04\/Els-Verds-alemanys-presenten-mesures-per-fomentar-la-vida-islamica-1024x572.jpeg 1024w, https:\/\/percepcions.cat\/wp-content\/uploads\/2026\/04\/Els-Verds-alemanys-presenten-mesures-per-fomentar-la-vida-islamica-18x10.jpeg 18w, https:\/\/percepcions.cat\/wp-content\/uploads\/2026\/04\/Els-Verds-alemanys-presenten-mesures-per-fomentar-la-vida-islamica.jpeg 1100w\" sizes=\"auto, (max-width: 768px) 100vw, 768px\" title=\"\"><\/a><div class=\"pt-cv-taxoterm over_top_left\"><a href='https:\/\/percepcions.cat\/es\/tag\/alemanya\/' title='Alemanya' class='pt-cv-tax-alemanya'>Alemanya<\/a><\/div><\/div>\n<p class=\"pt-cv-title\"><a href=\"https:\/\/percepcions.cat\/es\/los-verdes-alemanes-presentan-medidas-para-fomentar-la-vida-islamica\/\" class=\"_self cvplbd\" target=\"_self\" >Els Verds alemanys presenten mesures per fomentar la vida isl\u00e0mica<\/a><\/p>\n<div class=\"pt-cv-meta-fields\"><span class=\"entry-date\"> <time datetime=\"2026-04-20T09:27:13+02:00\">20 de abril de 2026<\/time><\/span><\/div>\n<div class=\"pt-cv-content\">L&#8217;esquerra ecologista proposa festius isl\u00e0mics, eliminar restriccions al vel o refor\u00e7ar el suport a mesquites i associacions isl\u00e0miques. El pla busca augmentar la visibilitat i la integraci\u00f3 de l\u2019islam a la vida p\u00fablica d&#8217;Alemanya.<\/div><\/div>\n<div class=\" pt-cv-content-item pt-cv-1-col\"  data-pid=\"13303\"><div class=\"pt-cv-thumb-wrapper  \"><a href=\"https:\/\/percepcions.cat\/es\/quebec-tambien-prohibe-el-velo-islamico-en-las-guarderias\/\" class=\"_self pt-cv-href-thumbnail pt-cv-thumb-default cvplbd\" target=\"_self\" ><img loading=\"lazy\" decoding=\"async\" width=\"768\" height=\"429\" src=\"https:\/\/percepcions.cat\/wp-content\/uploads\/2026\/04\/Quebec-tambe-prohibeix-el-vel-islamic-a-les-escoles-bressol-i-veta-les-mascaretes-sanitaries-als-serveis-publics-768x429.jpeg\" class=\"pt-cv-thumbnail img-none\" alt=\"Quebec prohibeix tamb\u00e9 el vel isl\u00e0mic a les escoles bressol i veta les mascaretes sanit\u00e0ries als serveis p\u00fablics\" srcset=\"https:\/\/percepcions.cat\/wp-content\/uploads\/2026\/04\/Quebec-tambe-prohibeix-el-vel-islamic-a-les-escoles-bressol-i-veta-les-mascaretes-sanitaries-als-serveis-publics-768x429.jpeg 768w, https:\/\/percepcions.cat\/wp-content\/uploads\/2026\/04\/Quebec-tambe-prohibeix-el-vel-islamic-a-les-escoles-bressol-i-veta-les-mascaretes-sanitaries-als-serveis-publics-300x167.jpeg 300w, https:\/\/percepcions.cat\/wp-content\/uploads\/2026\/04\/Quebec-tambe-prohibeix-el-vel-islamic-a-les-escoles-bressol-i-veta-les-mascaretes-sanitaries-als-serveis-publics-18x10.jpeg 18w, https:\/\/percepcions.cat\/wp-content\/uploads\/2026\/04\/Quebec-tambe-prohibeix-el-vel-islamic-a-les-escoles-bressol-i-veta-les-mascaretes-sanitaries-als-serveis-publics.jpeg 1000w\" sizes=\"auto, (max-width: 768px) 100vw, 768px\" title=\"\"><\/a><div class=\"pt-cv-taxoterm over_top_left\"><a href='https:\/\/percepcions.cat\/es\/tag\/canada\/' title='Canad\u00e0' class='pt-cv-tax-canada'>Canad\u00e0<\/a><a href='https:\/\/percepcions.cat\/es\/tag\/educacion\/' title='Educaci\u00f3' class='pt-cv-tax-educacio'>Educaci\u00f3<\/a><a href='https:\/\/percepcions.cat\/es\/tag\/velo-burka\/' title='Vel-Burka' class='pt-cv-tax-vel-burka'>Vel-Burka<\/a><\/div><\/div>\n<p class=\"pt-cv-title\"><a href=\"https:\/\/percepcions.cat\/es\/quebec-tambien-prohibe-el-velo-islamico-en-las-guarderias\/\" class=\"_self cvplbd\" target=\"_self\" >Quebec prohibeix tamb\u00e9 el vel isl\u00e0mic a les escoles bressol i veta les mascaretes sanit\u00e0ries als serveis p\u00fablics<\/a><\/p>\n<div class=\"pt-cv-meta-fields\"><span class=\"entry-date\"> <time datetime=\"2026-04-19T13:34:36+02:00\">19 de abril de 2026<\/time><\/span><\/div>\n<div class=\"pt-cv-content\">L&#8217;implacable ministre de la\u00efcitat justifica la prohibici\u00f3 de la mascareta a les institucions p\u00fabliques &#8220;perqu\u00e8 la pand\u00e8mia ja ha passat i veure&#8217;s la cara \u00e9s la base de la comunicaci\u00f3 humana&#8221;. Tamb\u00e9 ha deixat clar &#8220;que les nostres institucions no son llocs de culte&#8221;.<\/div><\/div>\n<div class=\" pt-cv-content-item pt-cv-1-col\"  data-pid=\"13281\"><div class=\"pt-cv-thumb-wrapper  \"><a href=\"https:\/\/percepcions.cat\/es\/mujeres-musulmanas-pierden-su-trabajo-en-las-escuelas-de-montreal\/\" class=\"_self pt-cv-href-thumbnail pt-cv-thumb-default cvplbd\" target=\"_self\" ><img loading=\"lazy\" decoding=\"async\" width=\"768\" height=\"429\" src=\"https:\/\/percepcions.cat\/wp-content\/uploads\/2026\/04\/Dones-musulmanes-perden-la-feina-a-les-escoles-de-Montreal-per-negar-se-a-complir-la-llei-del-Quebec-sobre-el-hijab-768x429.jpeg\" class=\"pt-cv-thumbnail img-none\" alt=\"Dones musulmanes perden la feina a les escoles de Montreal per negar-se a complir la llei del Quebec contra el hijab\" srcset=\"https:\/\/percepcions.cat\/wp-content\/uploads\/2026\/04\/Dones-musulmanes-perden-la-feina-a-les-escoles-de-Montreal-per-negar-se-a-complir-la-llei-del-Quebec-sobre-el-hijab-768x429.jpeg 768w, https:\/\/percepcions.cat\/wp-content\/uploads\/2026\/04\/Dones-musulmanes-perden-la-feina-a-les-escoles-de-Montreal-per-negar-se-a-complir-la-llei-del-Quebec-sobre-el-hijab-300x167.jpeg 300w, https:\/\/percepcions.cat\/wp-content\/uploads\/2026\/04\/Dones-musulmanes-perden-la-feina-a-les-escoles-de-Montreal-per-negar-se-a-complir-la-llei-del-Quebec-sobre-el-hijab-18x10.jpeg 18w, https:\/\/percepcions.cat\/wp-content\/uploads\/2026\/04\/Dones-musulmanes-perden-la-feina-a-les-escoles-de-Montreal-per-negar-se-a-complir-la-llei-del-Quebec-sobre-el-hijab.jpeg 1000w\" sizes=\"auto, (max-width: 768px) 100vw, 768px\" title=\"\"><\/a><div class=\"pt-cv-taxoterm over_top_left\"><a href='https:\/\/percepcions.cat\/es\/tag\/canada\/' title='Canad\u00e0' class='pt-cv-tax-canada'>Canad\u00e0<\/a><a href='https:\/\/percepcions.cat\/es\/tag\/educacion\/' title='Educaci\u00f3' class='pt-cv-tax-educacio'>Educaci\u00f3<\/a><a href='https:\/\/percepcions.cat\/es\/tag\/velo-burka\/' title='Vel-Burka' class='pt-cv-tax-vel-burka'>Vel-Burka<\/a><\/div><\/div>\n<p class=\"pt-cv-title\"><a href=\"https:\/\/percepcions.cat\/es\/mujeres-musulmanas-pierden-su-trabajo-en-las-escuelas-de-montreal\/\" class=\"_self cvplbd\" target=\"_self\" >Dones musulmanes perden la feina a les escoles de Montreal per negar-se a complir la llei del Quebec contra el hijab<\/a><\/p>\n<div class=\"pt-cv-meta-fields\"><span class=\"entry-date\"> <time datetime=\"2026-04-18T09:37:34+02:00\">18 de abril de 2026<\/time><\/span><\/div>\n<div class=\"pt-cv-content\">Monitores de menjador o d&#8217;extraescolar, conserges o personal administratiu ja no poden portar el vel isl\u00e0mic a les escoles del Quebec. Unes 150 han preferit perdre la feina a respectar la llei.<\/div><\/div>\n<div class=\" pt-cv-content-item pt-cv-1-col\"  data-pid=\"13249\"><div class=\"pt-cv-thumb-wrapper  \"><a href=\"https:\/\/percepcions.cat\/es\/los-mohamed-ya-doblan-los-jordi-a-salto-rosas-y-castello-dempuries\/\" class=\"_self pt-cv-href-thumbnail pt-cv-thumb-default cvplbd\" target=\"_self\" ><img loading=\"lazy\" decoding=\"async\" width=\"768\" height=\"432\" src=\"https:\/\/percepcions.cat\/wp-content\/uploads\/2026\/04\/ChatGPT-Image-17-abr-2026-22_23_48-768x432.png\" class=\"pt-cv-thumbnail img-none\" alt=\"Els Mohamed ja doblen els Jordi a Salt, Roses i Castell\u00f3 d\u2019Emp\u00faries\" srcset=\"https:\/\/percepcions.cat\/wp-content\/uploads\/2026\/04\/ChatGPT-Image-17-abr-2026-22_23_48-768x432.png 768w, https:\/\/percepcions.cat\/wp-content\/uploads\/2026\/04\/ChatGPT-Image-17-abr-2026-22_23_48-300x169.png 300w, https:\/\/percepcions.cat\/wp-content\/uploads\/2026\/04\/ChatGPT-Image-17-abr-2026-22_23_48-1024x576.png 1024w, https:\/\/percepcions.cat\/wp-content\/uploads\/2026\/04\/ChatGPT-Image-17-abr-2026-22_23_48-1536x864.png 1536w, https:\/\/percepcions.cat\/wp-content\/uploads\/2026\/04\/ChatGPT-Image-17-abr-2026-22_23_48-18x10.png 18w, https:\/\/percepcions.cat\/wp-content\/uploads\/2026\/04\/ChatGPT-Image-17-abr-2026-22_23_48.png 1672w\" sizes=\"auto, (max-width: 768px) 100vw, 768px\" title=\"\"><\/a><div class=\"pt-cv-taxoterm over_top_left\"><a href='https:\/\/percepcions.cat\/es\/tag\/catalunya\/' title='Catalunya' class='pt-cv-tax-catalunya'>Catalunya<\/a><\/div><\/div>\n<p class=\"pt-cv-title\"><a href=\"https:\/\/percepcions.cat\/es\/los-mohamed-ya-doblan-los-jordi-a-salto-rosas-y-castello-dempuries\/\" class=\"_self cvplbd\" target=\"_self\" >Els Mohamed ja doblen els Jordi a Salt, Roses i Castell\u00f3 d\u2019Emp\u00faries<\/a><\/p>\n<div class=\"pt-cv-meta-fields\"><span class=\"entry-date\"> <time datetime=\"2026-04-16T22:06:57+02:00\">16 de abril de 2026<\/time><\/span><\/div>\n<div class=\"pt-cv-content\">Manlleu frega el 4% de poblaci\u00f3 amb el nom Mohamed, el percentatge m\u00e9s alt de Catalunya entre els municipis amb m\u00e9s poblaci\u00f3, nom\u00e9s per darrere d\u2019Aitona (5,2%). El fenomen destaca especialment a l\u2019Empord\u00e0 i Osona.<\/div><\/div>\n<div class=\" pt-cv-content-item pt-cv-1-col\"  data-pid=\"13240\"><div class=\"pt-cv-thumb-wrapper  \"><a href=\"https:\/\/percepcions.cat\/es\/un-medico-del-reino-unido-pierde-su-trabajo-para-pedir-a-una-paciente-que-se-quite-el-niqab\/\" class=\"_self pt-cv-href-thumbnail pt-cv-thumb-default cvplbd\" target=\"_self\" ><img loading=\"lazy\" decoding=\"async\" width=\"599\" height=\"400\" src=\"https:\/\/percepcions.cat\/wp-content\/uploads\/2025\/09\/niqab-kirguistan-1-1.jpeg\" class=\"pt-cv-thumbnail img-none\" alt=\"Un metge del Regne Unit perd la feina per demanar a una pacient que es tregui el niqab\" srcset=\"https:\/\/percepcions.cat\/wp-content\/uploads\/2025\/09\/niqab-kirguistan-1-1.jpeg 599w, https:\/\/percepcions.cat\/wp-content\/uploads\/2025\/09\/niqab-kirguistan-1-1-300x200.jpeg 300w, https:\/\/percepcions.cat\/wp-content\/uploads\/2025\/09\/niqab-kirguistan-1-1-18x12.jpeg 18w\" sizes=\"auto, (max-width: 599px) 100vw, 599px\" title=\"\"><\/a><div class=\"pt-cv-taxoterm over_top_left\"><a href='https:\/\/percepcions.cat\/es\/tag\/reino-unido\/' title='Regne Unit' class='pt-cv-tax-regne-unit'>Regne Unit<\/a><a href='https:\/\/percepcions.cat\/es\/tag\/velo-burka\/' title='Vel-Burka' class='pt-cv-tax-vel-burka'>Vel-Burka<\/a><\/div><\/div>\n<p class=\"pt-cv-title\"><a href=\"https:\/\/percepcions.cat\/es\/un-medico-del-reino-unido-pierde-su-trabajo-para-pedir-a-una-paciente-que-se-quite-el-niqab\/\" class=\"_self cvplbd\" target=\"_self\" >Un metge del Regne Unit perd la feina per demanar a una pacient que es tregui el niqab<\/a><\/p>\n<div class=\"pt-cv-meta-fields\"><span class=\"entry-date\"> <time datetime=\"2026-04-16T18:34:33+02:00\">16 de abril de 2026<\/time><\/span><\/div>\n<div class=\"pt-cv-content\">El metge va demanar retirar el niqab perqu\u00e8 assegurava que la pacient no parlava b\u00e9 angl\u00e8s i que tenia dificultats per entendre-la durant la consulta. El marit va posar una queixa per racisme.<\/div><\/div>\n<div class=\" pt-cv-content-item pt-cv-1-col\"  data-pid=\"13227\"><div class=\"pt-cv-thumb-wrapper  \"><a href=\"https:\/\/percepcions.cat\/es\/una-mezquita-dice-que-la-grua-se-extrema-derecha\/\" class=\"_self pt-cv-href-thumbnail pt-cv-thumb-default cvplbd\" target=\"_self\" ><img loading=\"lazy\" decoding=\"async\" width=\"768\" height=\"478\" src=\"https:\/\/percepcions.cat\/wp-content\/uploads\/2026\/04\/muslim-racist-768x478.jpg\" class=\"pt-cv-thumbnail img-none\" alt=\"Una mesquita diu que la grua municipal \u00e9s d&#039;extrema dreta perqu\u00e8 s&#039;emporta els cotxes dels fidels\" srcset=\"https:\/\/percepcions.cat\/wp-content\/uploads\/2026\/04\/muslim-racist-768x478.jpg 768w, https:\/\/percepcions.cat\/wp-content\/uploads\/2026\/04\/muslim-racist-300x187.jpg 300w, https:\/\/percepcions.cat\/wp-content\/uploads\/2026\/04\/muslim-racist-18x12.jpg 18w, https:\/\/percepcions.cat\/wp-content\/uploads\/2026\/04\/muslim-racist.jpg 920w\" sizes=\"auto, (max-width: 768px) 100vw, 768px\" title=\"\"><\/a><div class=\"pt-cv-taxoterm over_top_left\"><a href='https:\/\/percepcions.cat\/es\/tag\/estados-unidos\/' title='Estats Units' class='pt-cv-tax-estats-units'>Estats Units<\/a><\/div><\/div>\n<p class=\"pt-cv-title\"><a href=\"https:\/\/percepcions.cat\/es\/una-mezquita-dice-que-la-grua-se-extrema-derecha\/\" class=\"_self cvplbd\" target=\"_self\" >Una mesquita diu que la grua municipal \u00e9s d&#8217;extrema dreta perqu\u00e8 s&#8217;emporta els cotxes dels fidels<\/a><\/p>\n<div class=\"pt-cv-meta-fields\"><span class=\"entry-date\"> <time datetime=\"2026-04-15T22:31:27+02:00\">15 de abril de 2026<\/time><\/span><\/div>\n<div class=\"pt-cv-content\">Els fidels d\u2019una mesquita de Maine aparquen malament cada divendres i les autoritats els multen i retiren els vehicles. El responsable del servei de grues es fa viral amb una frase: \u201cun Honda Civic vermell \u00e9s un Honda Civic vermell\u201d.<\/div><\/div>\n<div class=\" pt-cv-content-item pt-cv-1-col\"  data-pid=\"13327\"><div class=\"pt-cv-thumb-wrapper  \"><a href=\"https:\/\/percepcions.cat\/es\/el-sindicato-policial-de-berlin-rechaza-el-hiyab\/\" class=\"_self pt-cv-href-thumbnail pt-cv-thumb-default cvplbd\" target=\"_self\" ><img loading=\"lazy\" decoding=\"async\" width=\"768\" height=\"512\" src=\"https:\/\/percepcions.cat\/wp-content\/uploads\/2025\/04\/policia-hijab-vel-islamic-768x512.png\" class=\"pt-cv-thumbnail img-none\" alt=\"El sindicat policial de Berl\u00edn no vol agents amb hijab: \u201cJa n&#039;hi ha prou de fer servir l\u2019opressi\u00f3 patriarcal per guanyar vots\u201d\" srcset=\"https:\/\/percepcions.cat\/wp-content\/uploads\/2025\/04\/policia-hijab-vel-islamic-768x512.png 768w, https:\/\/percepcions.cat\/wp-content\/uploads\/2025\/04\/policia-hijab-vel-islamic-300x200.png 300w, https:\/\/percepcions.cat\/wp-content\/uploads\/2025\/04\/policia-hijab-vel-islamic-1024x683.png 1024w, https:\/\/percepcions.cat\/wp-content\/uploads\/2025\/04\/policia-hijab-vel-islamic-18x12.png 18w, https:\/\/percepcions.cat\/wp-content\/uploads\/2025\/04\/policia-hijab-vel-islamic.png 1200w\" sizes=\"auto, (max-width: 768px) 100vw, 768px\" title=\"\"><\/a><div class=\"pt-cv-taxoterm over_top_left\"><a href='https:\/\/percepcions.cat\/es\/tag\/alemanya\/' title='Alemanya' class='pt-cv-tax-alemanya'>Alemanya<\/a><a href='https:\/\/percepcions.cat\/es\/tag\/velo-burka\/' title='Vel-Burka' class='pt-cv-tax-vel-burka'>Vel-Burka<\/a><\/div><\/div>\n<p class=\"pt-cv-title\"><a href=\"https:\/\/percepcions.cat\/es\/el-sindicato-policial-de-berlin-rechaza-el-hiyab\/\" class=\"_self cvplbd\" target=\"_self\" >El sindicat policial de Berl\u00edn no vol agents amb hijab: \u201cJa n&#8217;hi ha prou de fer servir l\u2019opressi\u00f3 patriarcal per guanyar vots\u201d<\/a><\/p>\n<div class=\"pt-cv-meta-fields\"><span class=\"entry-date\"> <time datetime=\"2026-04-14T18:16:40+02:00\">14 de abril de 2026<\/time><\/span><\/div>\n<div class=\"pt-cv-content\">Els agents contesten amb contund\u00e8ncia la proposta dels Verds i alerten del risc de barrejar religi\u00f3 i autoritat p\u00fablica. Afirmen que la policia &#8220;no pot convertir-se en un espai de representaci\u00f3 ideol\u00f2gica o religiosa&#8221;.<\/div><\/div>\n<div class=\" pt-cv-content-item pt-cv-1-col\"  data-pid=\"13197\"><div class=\"pt-cv-thumb-wrapper  \"><a href=\"https:\/\/percepcions.cat\/es\/barcelona-promueve-el-velo-islamico-en-la-publicidad-institucional-por-jovenes\/\" class=\"_self pt-cv-href-thumbnail pt-cv-thumb-default cvplbd\" target=\"_self\" ><img loading=\"lazy\" decoding=\"async\" width=\"570\" height=\"321\" src=\"https:\/\/percepcions.cat\/wp-content\/uploads\/2026\/04\/ajuntament-barcelona-vel-islamic.jpg\" class=\"pt-cv-thumbnail img-none\" alt=\"Barcelona promou el vel isl\u00e0mic a la publicitat institucional per joves\" srcset=\"https:\/\/percepcions.cat\/wp-content\/uploads\/2026\/04\/ajuntament-barcelona-vel-islamic.jpg 570w, https:\/\/percepcions.cat\/wp-content\/uploads\/2026\/04\/ajuntament-barcelona-vel-islamic-300x169.jpg 300w, https:\/\/percepcions.cat\/wp-content\/uploads\/2026\/04\/ajuntament-barcelona-vel-islamic-18x10.jpg 18w\" sizes=\"auto, (max-width: 570px) 100vw, 570px\" title=\"\"><\/a><div class=\"pt-cv-taxoterm over_top_left\"><a href='https:\/\/percepcions.cat\/es\/tag\/catalunya\/' title='Catalunya' class='pt-cv-tax-catalunya'>Catalunya<\/a><a href='https:\/\/percepcions.cat\/es\/tag\/velo-burka\/' title='Vel-Burka' class='pt-cv-tax-vel-burka'>Vel-Burka<\/a><\/div><\/div>\n<p class=\"pt-cv-title\"><a href=\"https:\/\/percepcions.cat\/es\/barcelona-promueve-el-velo-islamico-en-la-publicidad-institucional-por-jovenes\/\" class=\"_self cvplbd\" target=\"_self\" >Barcelona promou el vel isl\u00e0mic a la publicitat institucional per joves<\/a><\/p>\n<div class=\"pt-cv-meta-fields\"><span class=\"entry-date\"> <time datetime=\"2026-04-11T19:48:45+02:00\">11 de abril de 2026<\/time><\/span><\/div>\n<div class=\"pt-cv-content\">La imatge per fomentar la participaci\u00f3 als casals de barri inclou una noia amb vestimenta religiosa. L&#8217;Ajuntament transmet aix\u00ed que la submissi\u00f3 a l&#8217;islam forma part de la identitat del jovent barcelon\u00ed.<\/div><\/div>\n<div class=\" pt-cv-content-item pt-cv-1-col\"  data-pid=\"13160\"><div class=\"pt-cv-thumb-wrapper  \"><a href=\"https:\/\/percepcions.cat\/es\/juntos-burka-sin-sanciones\/\" class=\"_self pt-cv-href-thumbnail pt-cv-thumb-default cvplbd\" target=\"_self\" ><img loading=\"lazy\" decoding=\"async\" width=\"768\" height=\"512\" src=\"https:\/\/percepcions.cat\/wp-content\/uploads\/2026\/04\/Junts-llei-burka-1-768x512.jpg\" class=\"pt-cv-thumbnail img-none\" alt=\"Junts pret\u00e9n que li votin prohibir el burka sense sancions amb una llei que inclou el control de fronteres i el DNI\" srcset=\"https:\/\/percepcions.cat\/wp-content\/uploads\/2026\/04\/Junts-llei-burka-1-768x512.jpg 768w, https:\/\/percepcions.cat\/wp-content\/uploads\/2026\/04\/Junts-llei-burka-1-300x200.jpg 300w, https:\/\/percepcions.cat\/wp-content\/uploads\/2026\/04\/Junts-llei-burka-1-1024x683.jpg 1024w, https:\/\/percepcions.cat\/wp-content\/uploads\/2026\/04\/Junts-llei-burka-1-18x12.jpg 18w, https:\/\/percepcions.cat\/wp-content\/uploads\/2026\/04\/Junts-llei-burka-1.jpg 1200w\" sizes=\"auto, (max-width: 768px) 100vw, 768px\" title=\"\"><\/a><div class=\"pt-cv-taxoterm over_top_left\"><a href='https:\/\/percepcions.cat\/es\/tag\/catalunya\/' title='Catalunya' class='pt-cv-tax-catalunya'>Catalunya<\/a><a href='https:\/\/percepcions.cat\/es\/tag\/espanya\/' title='Espanya' class='pt-cv-tax-espanya'>Espanya<\/a><a href='https:\/\/percepcions.cat\/es\/tag\/velo-burka\/' title='Vel-Burka' class='pt-cv-tax-vel-burka'>Vel-Burka<\/a><\/div><\/div>\n<p class=\"pt-cv-title\"><a href=\"https:\/\/percepcions.cat\/es\/juntos-burka-sin-sanciones\/\" class=\"_self cvplbd\" target=\"_self\" >Junts pret\u00e9n que li votin prohibir el burka sense sancions amb una llei que inclou el control de fronteres i el DNI<\/a><\/p>\n<div class=\"pt-cv-meta-fields\"><span class=\"entry-date\"> <time datetime=\"2026-04-11T10:33:56+02:00\">11 de abril de 2026<\/time><\/span><\/div>\n<div class=\"pt-cv-content\">Despr\u00e9s de votar en contra de prohibir el burka perqu\u00e8 ho proposava VOX ara Junts presenta una llei sense sancions, amb excepcions i que inclou que Catalunya controli fronteres, emeti el DNI i deporti persones.<\/div><\/div><\/div><\/div>\n<div class=\"text-center pt-cv-pagination-wrapper\"><a href='https:\/\/percepcions.cat\/es\/wp-json\/wp\/v2\/pages\/2956\/?_page=2' onclick='event.preventDefault()' class=\"pt-cv-more btn btn-primary btn-sm\" data-totalpages=\"40\" data-nextpages=\"2\" data-sid=\"a6d38d031z\" data-unid=\"\" data-isblock=\"\" data-postid=\"\">M\u00e9s Percepcions <span class=\"caret\"><\/span><\/a><img loading=\"lazy\" decoding=\"async\" width=\"15\" height=\"15\" class=\"pt-cv-spinner\" alt=\"Cargando...\" src=\"data:image\/gif;base64,R0lGODlhDwAPALMPAMrKygwMDJOTkz09PZWVla+vr3p6euTk5M7OzuXl5TMzMwAAAJmZmWZmZszMzP\/\/\/yH\/C05FVFNDQVBFMi4wAwEAAAAh+QQFCgAPACwAAAAADwAPAAAEQvDJaZaZOIcV8iQK8VRX4iTYoAwZ4iCYoAjZ4RxejhVNoT+mRGP4cyF4Pp0N98sBGIBMEMOotl6YZ3S61Bmbkm4mAgAh+QQFCgAPACwAAAAADQANAAAENPDJSRSZeA418itN8QiK8BiLITVsFiyBBIoYqnoewAD4xPw9iY4XLGYSjkQR4UAUD45DLwIAIfkEBQoADwAsAAAAAA8ACQAABC\/wyVlamTi3nSdgwFNdhEJgTJoNyoB9ISYoQmdjiZPcj7EYCAeCF1gEDo4Dz2eIAAAh+QQFCgAPACwCAAAADQANAAAEM\/DJBxiYeLKdX3IJZT1FU0iIg2RNKx3OkZVnZ98ToRD4MyiDnkAh6BkNC0MvsAj0kMpHBAAh+QQFCgAPACwGAAAACQAPAAAEMDC59KpFDll73HkAA2wVY5KgiK5b0RRoI6MuzG6EQqCDMlSGheEhUAgqgUUAFRySIgAh+QQFCgAPACwCAAIADQANAAAEM\/DJKZNLND\/kkKaHc3xk+QAMYDKsiaqmZCxGVjSFFCxB1vwy2oOgIDxuucxAMTAJFAJNBAAh+QQFCgAPACwAAAYADwAJAAAEMNAs86q1yaWwwv2Ig0jUZx3OYa4XoRAfwADXoAwfo1+CIjyFRuEho60aSNYlOPxEAAAh+QQFCgAPACwAAAIADQANAAAENPA9s4y8+IUVcqaWJ4qEQozSoAzoIyhCK2NFU2SJk0hNnyEOhKR2AzAAj4Pj4GE4W0bkJQIAOw==\" title=\"\"><div class=\"clear pt-cv-clear-pagination\"><\/div><\/div><\/div>\t\t\t<style type=\"text\/css\" id=\"pt-cv-inline-style-3ec325c1jr\">\n#pt-cv-view-a6d38d031z .pt-cv-thumb-wrapper:not(.miniwrap) {  }#pt-cv-view-a6d38d031z .pt-cv-thumbnail:not(.pt-cv-thumbnailsm) { height: 250px; }#pt-cv-view-a6d38d031z > .pt-cv-page {grid-template-columns: repeat(3, 1fr);grid-gap: 15px;}\n@media all and (max-width: 1024px) { \n#pt-cv-view-a6d38d031z > .pt-cv-page {grid-template-columns: repeat(1, 1fr);}\n} \n@media all and (max-width: 767px) { \n#pt-cv-view-a6d38d031z > .pt-cv-page {grid-template-columns: repeat(1, 1fr);}\n} <\/style>\r\n\t\t\t\t\t\t<style type=\"text\/css\" id=\"pt-cv-inline-style-df75cbbj3q\"> #pt-cv-view-a6d38d031z[class*='cveffect'] .pt-cv-thumb-wrapper, #pt-cv-view-a6d38d031z:not([class*='cveffect']) .pt-cv-thumbnail, #pt-cv-view-a6d38d031z  .cvp-responsive-image[style*=background-image] { border-width: 1px 1px 1px 1px }\n #pt-cv-view-a6d38d031z[class*='cveffect'] .pt-cv-thumb-wrapper, #pt-cv-view-a6d38d031z:not([class*='cveffect']) .pt-cv-thumbnail, #pt-cv-view-a6d38d031z  .cvp-responsive-image[style*=background-image] { border-style: solid }\n #pt-cv-view-a6d38d031z[class*='cveffect'] .pt-cv-thumb-wrapper, #pt-cv-view-a6d38d031z:not([class*='cveffect']) .pt-cv-thumbnail, #pt-cv-view-a6d38d031z  .cvp-responsive-image[style*=background-image] { border-color: #0f4c81 }\n#pt-cv-view-a6d38d031z .pt-cv-taxoterm * { font-family: 'Noto Sans', Arial, serif !important; color: #ffffff !important; background-color: #0f4c81 !important; font-weight: 600 !important; margin: 0px 10px 0px 0px !important; padding: 1px 6px 1px 6px !important; border-radius: 3px 3px 3px 3px !important; }\n#pt-cv-view-a6d38d031z .pt-cv-title a, #pt-cv-view-a6d38d031z  .panel-title { font-family: 'Noto Sans', Arial, serif !important; font-size: 24px !important; line-height: 1.3 !important; color: #000000 !important; font-weight: 600 !important; }\n#pt-cv-view-a6d38d031z .pt-cv-content , #pt-cv-view-a6d38d031z  .pt-cv-content *:not(.pt-cv-readmore):not(style):not(script) { font-family: 'Noto Sans', Arial, serif !important; font-size: 16px !important; line-height: 1.3 !important; color: #000000 !important; font-weight: 600 !important; }\n#pt-cv-view-a6d38d031z .pt-cv-meta-fields * { font-size: 15px !important; line-height: 1.3 !important; color: #000000 !important; }\n#pt-cv-view-a6d38d031z .pt-cv-readmore  { color: #ffffff !important; background-color: #00aeef !important; }\n#pt-cv-view-a6d38d031z .pt-cv-readmore:hover  { color: #ffffff !important; background-color: #00aeef !important; }\n#pt-cv-view-a6d38d031z  + .pt-cv-pagination-wrapper .pt-cv-more , #pt-cv-view-a6d38d031z  + .pt-cv-pagination-wrapper .pagination .active a, .pt-cv-pagination[data-sid='a6d38d031z'] .active a { font-size: 19px !important; line-height: 1.3 !important; color: #ffffff !important; background-color: #0f4c81 !important; font-weight: 600 !important; padding: 1px 6px 1px 6px !important; border-radius: 3px 3px 3px 3px !important; }<\/style>\r\n\t\t\t<link href='\/\/fonts.googleapis.com\/css?family=Noto+Sans' rel='stylesheet' type='text\/css'><\/div><\/div>\n\n\n\n<div style=\"height:10px\" aria-hidden=\"true\" class=\"wp-block-spacer\"><\/div>\n\n\n\n<div class=\"wp-block-uagb-container uagb-block-7f45256b default uagb-is-root-container\">\n<div class=\"wp-block-uagb-advanced-heading uagb-block-2845545d\"><h2 class=\"uagb-heading-text\">\u00daltims V\u00eddeos<\/h2><\/div>\n\n\n<div class=\"pt-cv-wrapper\"><div class=\"pt-cv-view pt-cv-blockgrid iscvblock iscvhybrid grid1 layout1\" id=\"pt-cv-view-3221b7e3g0\"><div data-id=\"pt-cv-page-1\" class=\"pt-cv-page\" data-cvc=\"3\"><div class=\" pt-cv-content-item pt-cv-1-col\"  data-pid=\"13122\"><div class=\"pt-cv-thumb-wrapper  \"><a href=\"https:\/\/player.vimeo.com\/video\/1181130307?badge=0&#038;autopause=0&#038;player_id=0&#038;app_id=58479\" class=\"pt-cv-lightbox-image pt-cv-href-thumbnail pt-cv-thumb-default cvp-lazy-container cvp-block\" target=\"pt-cv-lightbox-image\" rel=\"nofollow noopener\"><span class=\"cvp-play\"><\/span><img decoding=\"async\" width=\"350\" src=\"https:\/\/percepcions.cat\/wp-content\/plugins\/pt-content-views-pro\/public\/assets\/images\/lazy_image.png\" class=\"cvp-videothumb skip-lazy  cvplazy\" alt=\"Musulmana Masterchef (1)\" data-cvpsrc=\"https:\/\/i.vimeocdn.com\/video\/2143411811-9a03c0e87fa6a1a66c5c28ae65aeeb7807d9cafad133e637dc924462abe29b5b-d_295x166?region=us\" title=\"\"><iframe title=\"Musulmana Masterchef (1)\" data-skip-lazy data-no-lazy class=\"cvp-videothumb\" data-cvpsrc=\"https:\/\/player.vimeo.com\/video\/1181130307?dnt=1&amp;app_id=122963\" width=\"350\" height=\"197\" frameborder=\"0\" allow=\"autoplay; fullscreen; picture-in-picture; clipboard-write; encrypted-media; web-share\" referrerpolicy=\"strict-origin-when-cross-origin\"><\/iframe><\/a><\/div>\n<p class=\"pt-cv-title\"><a href=\"https:\/\/player.vimeo.com\/video\/1181130307?badge=0&#038;autopause=0&#038;player_id=0&#038;app_id=58479\" class=\"pt-cv-lightbox-image\" target=\"pt-cv-lightbox-image\" rel=\"nofollow noopener\">Musulmana resident a Catalunya a Masterchef: &#8220;pernil, quin f\u00e0stic!&#8221;<\/a><\/p>\n<div class=\"pt-cv-content\">La concursant Soko diu &#8220;quin f\u00e0stic!&#8221; quan troba restes de pernil a la m\u00e0quina de tallar embotits. A m\u00e9s, es va negar a cuinar amb porc per no anar a l&#8217;infern dels musulmans. Ara es juga l&#8217;expulsi\u00f3.<\/div><\/div>\n<div class=\" pt-cv-content-item pt-cv-1-col\"  data-pid=\"13067\"><div class=\"pt-cv-thumb-wrapper  \"><a href=\"https:\/\/www.youtube.com\/watch?v=U4sw0JVNvXs\" class=\"pt-cv-lightbox-image pt-cv-href-thumbnail pt-cv-thumb-default cvp-lazy-container cvp-block\" target=\"pt-cv-lightbox-image\" rel=\"nofollow noopener\"><span class=\"cvp-play\"><\/span><img decoding=\"async\" width=\"350\" src=\"https:\/\/percepcions.cat\/wp-content\/plugins\/pt-content-views-pro\/public\/assets\/images\/lazy_image.png\" class=\"cvp-videothumb skip-lazy  cvplazy\" alt=\"Militar musulmana dels Estats Units diu que rebutjaria ordres contra musulmans\" data-cvpsrc=\"https:\/\/i.ytimg.com\/vi\/U4sw0JVNvXs\/hqdefault.jpg\" title=\"\"><iframe title=\"Militar musulmana dels Estats Units diu que rebutjaria ordres contra musulmans\" width=\"350\" height=\"197\" data-skip-lazy data-no-lazy class=\"cvp-videothumb\" data-cvpsrc=\"https:\/\/www.youtube.com\/embed\/U4sw0JVNvXs?feature=oembed\" frameborder=\"0\" allow=\"accelerometer; autoplay; clipboard-write; encrypted-media; gyroscope; picture-in-picture; web-share\" referrerpolicy=\"strict-origin-when-cross-origin\" allowfullscreen><\/iframe><\/a><\/div>\n<p class=\"pt-cv-title\"><a href=\"https:\/\/www.youtube.com\/watch?v=U4sw0JVNvXs\" class=\"pt-cv-lightbox-image\" target=\"pt-cv-lightbox-image\" rel=\"nofollow noopener\">Una militar musulmana dels Estats Units insinua que rebutjaria ordres contra musulmans<\/a><\/p>\n<div class=\"pt-cv-content\">Es va convertir a l&#8217;islam el 2023, diu que va entrar a l&#8217;ex\u00e8rcit pels beneficis socials i per una via especial perqu\u00e8 tenia sobrep\u00e8s. Ara diu que no atacar\u00e0 musulmans.<\/div><\/div>\n<div class=\" pt-cv-content-item pt-cv-1-col\"  data-pid=\"12983\"><div class=\"pt-cv-thumb-wrapper  \"><a href=\"https:\/\/percepcions.cat\/wp-content\/uploads\/2026\/03\/ramada-sant-andreu-sala-oracio-350x350.jpg\" class=\"pt-cv-lightbox-image pt-cv-href-thumbnail pt-cv-thumb-default cvp-lazy-container cvp-block\" target=\"pt-cv-lightbox-image\"><span class=\"cvp-play\"><\/span><img decoding=\"async\" width=\"350\" src=\"https:\/\/percepcions.cat\/wp-content\/plugins\/pt-content-views-pro\/public\/assets\/images\/lazy_image.png\" class=\"cvp-videothumb skip-lazy  cvplazy\" alt=\"Ramad\u00e0 al districte de Sant Andreu\" data-cvpsrc=\"https:\/\/i.ytimg.com\/vi\/iuhV2nFuD2Q\/hqdefault.jpg\" title=\"\"><iframe title=\"Ramad\u00e0 al districte de Sant Andreu\" width=\"350\" height=\"197\" data-skip-lazy data-no-lazy class=\"cvp-videothumb\" data-cvpsrc=\"https:\/\/www.youtube.com\/embed\/iuhV2nFuD2Q?feature=oembed\" frameborder=\"0\" allow=\"accelerometer; autoplay; clipboard-write; encrypted-media; gyroscope; picture-in-picture; web-share\" referrerpolicy=\"strict-origin-when-cross-origin\" allowfullscreen><\/iframe><\/a><\/div>\n<p class=\"pt-cv-title\"><a href=\"https:\/\/percepcions.cat\/wp-content\/uploads\/2026\/03\/ramada-sant-andreu-sala-oracio-350x350.jpg\" class=\"pt-cv-lightbox-image\" target=\"pt-cv-lightbox-image\">Sant Andreu fa el Ramad\u00e0 amb una sala d&#8217;oraci\u00f3 a la seu del districte<\/a><\/p>\n<div class=\"pt-cv-content\">El Districte de Sant Andreu es bolca amb el Ramad\u00e0 2026. Crea un programa amb xerrades, tallers de fanalets, \u00e0pats i trobades amb espai per resar en un equipament p\u00fablic.<\/div><\/div><\/div><\/div><\/div>\t\t\t<style type=\"text\/css\" id=\"pt-cv-inline-style-a64a7fbg7w\">\n#pt-cv-view-3221b7e3g0 .pt-cv-thumb-wrapper:not(.miniwrap) {  }#pt-cv-view-3221b7e3g0 .pt-cv-thumbnail:not(.pt-cv-thumbnailsm) { height: 250px; }#pt-cv-view-3221b7e3g0 > .pt-cv-page {grid-template-columns: repeat(3, 1fr);grid-gap: 15px;}\n@media all and (max-width: 1024px) { \n#pt-cv-view-3221b7e3g0 > .pt-cv-page {grid-template-columns: repeat(1, 1fr);}\n} \n@media all and (max-width: 767px) { \n#pt-cv-view-3221b7e3g0 > .pt-cv-page {grid-template-columns: repeat(1, 1fr);}\n} <\/style>\r\n\t\t\t\t\t\t<style type=\"text\/css\" id=\"pt-cv-inline-style-a45f35dw89\">#pt-cv-view-3221b7e3g0  .pt-cv-content-item   { background-color: #ffffff !important; border-style: none !important; }\n #pt-cv-view-3221b7e3g0[class*='cveffect'] .pt-cv-thumb-wrapper, #pt-cv-view-3221b7e3g0:not([class*='cveffect']) .pt-cv-thumbnail, #pt-cv-view-3221b7e3g0  .cvp-responsive-image[style*=background-image] { border-style: none }\n#pt-cv-view-3221b7e3g0 .pt-cv-title a, #pt-cv-view-3221b7e3g0  .panel-title { font-family: 'Noto Sans', Arial, serif !important; font-size: 24px !important; line-height: 1.3 !important; color: #000000 !important; font-weight: 600 !important; padding: 0px 5px 0px 5px !important; display: block !important; }\n#pt-cv-view-3221b7e3g0 .pt-cv-content , #pt-cv-view-3221b7e3g0  .pt-cv-content *:not(.pt-cv-readmore):not(style):not(script) { font-family: 'Noto Sans', Arial, serif !important; font-size: 16px !important; line-height: 1.3 !important; color: #000000 !important; margin: 0px 0px -60px 0px !important; padding: 0px 5px 0px 5px !important; }\n#pt-cv-view-3221b7e3g0 .pt-cv-readmore  { color: #ffffff !important; background-color: #00aeef !important; }\n#pt-cv-view-3221b7e3g0 .pt-cv-readmore:hover  { color: #ffffff !important; background-color: #00aeef !important; }<\/style>\r\n\t\t\t<link href='\/\/fonts.googleapis.com\/css?family=Noto+Sans' rel='stylesheet' type='text\/css'>\n\n\n<div class=\"wp-block-uagb-buttons uagb-buttons__outer-wrap uagb-btn__default-btn uagb-btn-tablet__default-btn uagb-btn-mobile__default-btn uagb-block-cda63ad2\"><div class=\"uagb-buttons__wrap uagb-buttons-layout-wrap \">\n<div class=\"wp-block-uagb-buttons-child uagb-buttons__outer-wrap uagb-block-8b104509 wp-block-button\"><div class=\"uagb-button__wrapper\"><a class=\"uagb-buttons-repeater wp-block-button__link\" aria-label=\"\" href=\"https:\/\/percepcions.cat\/percepcions-en-video\/\" rel=\"follow noopener\" target=\"_self\" role=\"button\"><div class=\"uagb-button__link\">M\u00e9s V\u00eddeos<\/div><span class=\"uagb-button__icon uagb-button__icon-position-after\"><svg xmlns=\"https:\/\/www.w3.org\/2000\/svg\" viewBox=\"0 0 448 512\" aria-hidden=\"true\" focussable=\"false\"><path d=\"M438.6 278.6l-160 160C272.4 444.9 264.2 448 256 448s-16.38-3.125-22.62-9.375c-12.5-12.5-12.5-32.75 0-45.25L338.8 288H32C14.33 288 .0016 273.7 .0016 256S14.33 224 32 224h306.8l-105.4-105.4c-12.5-12.5-12.5-32.75 0-45.25s32.75-12.5 45.25 0l160 160C451.1 245.9 451.1 266.1 438.6 278.6z\"><\/path><\/svg><\/span><\/a><\/div><\/div>\n<\/div><\/div>\n<\/div>\n\n\n\n<div class=\"wp-block-uagb-container uag-hide-desktop uag-hide-tab uag-hide-mob uagb-block-24f93f69 default uagb-is-root-container\">\n<div class=\"wp-block-uagb-advanced-heading uagb-block-146a96c6 uag-hide-desktop uag-hide-tab uag-hide-mob\"><h2 class=\"uagb-heading-text\">Opinions<\/h2><\/div>\n\n\n<div class=\"pt-cv-wrapper\"><div class=\"pt-cv-view pt-cv-blockgrid iscvblock iscvhybrid grid1 layout1 pt-cv-pgloadmore\" id=\"pt-cv-view-fed47f4ghk\"><div data-id=\"pt-cv-page-1\" class=\"pt-cv-page cv-npf\" data-cvc=\"3\"><div class=\" pt-cv-content-item pt-cv-1-col\"  data-pid=\"0\"><div class=\"pt-cv-no-post\">No se han encontrado entradas.<\/div><\/div><\/div><\/div><\/div>\t\t\t<style type=\"text\/css\" id=\"pt-cv-inline-style-5f43df6skn\">\n#pt-cv-view-fed47f4ghk .pt-cv-thumb-wrapper:not(.miniwrap) {  }#pt-cv-view-fed47f4ghk .pt-cv-thumbnail:not(.pt-cv-thumbnailsm) { height: 250px; }#pt-cv-view-fed47f4ghk > .pt-cv-page {grid-template-columns: repeat(3, 1fr);grid-gap: 15px;}\n@media all and (max-width: 1024px) { \n#pt-cv-view-fed47f4ghk > .pt-cv-page {grid-template-columns: repeat(1, 1fr);}\n} \n@media all and (max-width: 767px) { \n#pt-cv-view-fed47f4ghk > .pt-cv-page {grid-template-columns: repeat(1, 1fr);}\n} <\/style>\r\n\t\t\t\t\t\t<style type=\"text\/css\" id=\"pt-cv-inline-style-0bfdbf1v6m\"> #pt-cv-view-fed47f4ghk[class*='cveffect'] .pt-cv-thumb-wrapper, #pt-cv-view-fed47f4ghk:not([class*='cveffect']) .pt-cv-thumbnail, #pt-cv-view-fed47f4ghk  .cvp-responsive-image[style*=background-image] { border-width: 1px 1px 1px 1px }\n #pt-cv-view-fed47f4ghk[class*='cveffect'] .pt-cv-thumb-wrapper, #pt-cv-view-fed47f4ghk:not([class*='cveffect']) .pt-cv-thumbnail, #pt-cv-view-fed47f4ghk  .cvp-responsive-image[style*=background-image] { border-style: solid }\n #pt-cv-view-fed47f4ghk[class*='cveffect'] .pt-cv-thumb-wrapper, #pt-cv-view-fed47f4ghk:not([class*='cveffect']) .pt-cv-thumbnail, #pt-cv-view-fed47f4ghk  .cvp-responsive-image[style*=background-image] { border-color: #0f4c81 }\n#pt-cv-view-fed47f4ghk .pt-cv-taxoterm * { font-family: 'Noto Sans', Arial, serif !important; color: #ffffff !important; background-color: #0f4c81 !important; font-weight: 600 !important; margin: 0px 5px 0px 0px !important; padding: 1px 6px 1px 6px !important; border-radius: 3px 3px 3px 3px !important; }\n#pt-cv-view-fed47f4ghk .pt-cv-title a, #pt-cv-view-fed47f4ghk  .panel-title { font-family: 'Noto Sans', Arial, serif !important; font-size: 24px !important; line-height: 1.3 !important; color: #000000 !important; font-weight: 600 !important; }\n#pt-cv-view-fed47f4ghk .pt-cv-content , #pt-cv-view-fed47f4ghk  .pt-cv-content *:not(.pt-cv-readmore):not(style):not(script) { font-family: 'Noto Sans', Arial, serif !important; font-size: 16px !important; line-height: 1.3 !important; color: #000000 !important; }\n#pt-cv-view-fed47f4ghk .pt-cv-meta-fields * { font-size: 15px !important; line-height: 1.3 !important; color: #000000 !important; }\n#pt-cv-view-fed47f4ghk .pt-cv-readmore  { color: #ffffff !important; background-color: #00aeef !important; }\n#pt-cv-view-fed47f4ghk .pt-cv-readmore:hover  { color: #ffffff !important; background-color: #00aeef !important; }\n#pt-cv-view-fed47f4ghk  + .pt-cv-pagination-wrapper .pt-cv-more , #pt-cv-view-fed47f4ghk  + .pt-cv-pagination-wrapper .pagination .active a, .pt-cv-pagination[data-sid='fed47f4ghk'] .active a { font-size: 19px !important; line-height: 1.3 !important; color: #ffffff !important; background-color: #0f4c81 !important; font-weight: 600 !important; padding: 1px 6px 1px 6px !important; border-radius: 3px 3px 3px 3px !important; }<\/style>\r\n\t\t\t<link href='\/\/fonts.googleapis.com\/css?family=Noto+Sans' rel='stylesheet' type='text\/css'>\n\n\n<div class=\"wp-block-uagb-buttons uagb-buttons__outer-wrap uagb-btn__default-btn uagb-btn-tablet__default-btn uagb-btn-mobile__default-btn uagb-block-840db34a uag-hide-desktop uag-hide-tab uag-hide-mob\"><div class=\"uagb-buttons__wrap uagb-buttons-layout-wrap \">\n<div class=\"wp-block-uagb-buttons-child uagb-buttons__outer-wrap uagb-block-24734b84 wp-block-button\"><div class=\"uagb-button__wrapper\"><a class=\"uagb-buttons-repeater wp-block-button__link\" aria-label=\"\" href=\"https:\/\/percepcions.cat\/opinions\/\" rel=\"follow noopener\" target=\"_self\" role=\"button\"><div class=\"uagb-button__link\">M\u00e9s Opinions<\/div><span class=\"uagb-button__icon uagb-button__icon-position-after\"><svg xmlns=\"https:\/\/www.w3.org\/2000\/svg\" viewBox=\"0 0 448 512\" aria-hidden=\"true\" focussable=\"false\"><path d=\"M438.6 278.6l-160 160C272.4 444.9 264.2 448 256 448s-16.38-3.125-22.62-9.375c-12.5-12.5-12.5-32.75 0-45.25L338.8 288H32C14.33 288 .0016 273.7 .0016 256S14.33 224 32 224h306.8l-105.4-105.4c-12.5-12.5-12.5-32.75 0-45.25s32.75-12.5 45.25 0l160 160C451.1 245.9 451.1 266.1 438.6 278.6z\"><\/path><\/svg><\/span><\/a><\/div><\/div>\n<\/div><\/div>\n<\/div>\n\n\n\n<div class=\"wp-block-uagb-container uagb-block-a8bd19dc alignfull uagb-is-root-container\"><div class=\"uagb-container-inner-blocks-wrap\">\n<div class=\"wp-block-uagb-container uagb-block-cb082e82\">\n<div class=\"wp-block-uagb-advanced-heading uagb-block-b36f9a1a\"><h2 class=\"uagb-heading-text\">Frase de la Setmana<\/h2><\/div>\n\n\n<div class=\"pt-cv-wrapper\"><div class=\"pt-cv-view pt-cv-overlaygrid iscvblock iscvhybrid pt-cv-nooverlay pt-cv-clickable overlay1 layout1\" id=\"pt-cv-view-ffce338abp\"><div data-id=\"pt-cv-page-1\" class=\"pt-cv-page\" data-cvc=\"1\"><div class=\" pt-cv-content-item pt-cv-1-col\"  data-pid=\"5467\"><div class=\"pt-cv-thumb-wrapper  \"><a href=\"https:\/\/percepcions.cat\/wp-content\/uploads\/2025\/03\/Que-hi-ha-de-dolent-en-incitar-a-una-intensa-aversio-a-una-religio-si-les-activitats-o-els-ensenyaments.jpg\" class=\"pt-cv-lightbox-image pt-cv-href-thumbnail pt-cv-thumb-default cvp-lazy-container\" target=\"pt-cv-lightbox-image\"><img loading=\"lazy\" decoding=\"async\" width=\"768\" height=\"432\" src=\"https:\/\/percepcions.cat\/wp-content\/plugins\/pt-content-views-pro\/public\/assets\/images\/lazy_image.png\" class=\"pt-cv-thumbnail img-none skip-lazy  cvplazy\" alt=\"Qu\u00e8 hi ha de dolent en incitar a una intensa aversi\u00f3 a una religi\u00f3 si les activitats o els ensenyaments d&#039;aquesta religi\u00f3 s\u00f3n tan escandalosos, irracionals o abusius dels drets humans que mereixen ser intensament detestats? .-Rowan Atkinson\" data-cvpsrc=\"https:\/\/percepcions.cat\/wp-content\/uploads\/2025\/03\/Que-hi-ha-de-dolent-en-incitar-a-una-intensa-aversio-a-una-religio-si-les-activitats-o-els-ensenyaments-768x432.jpg\" data-cvpset=\"https:\/\/percepcions.cat\/wp-content\/uploads\/2025\/03\/Que-hi-ha-de-dolent-en-incitar-a-una-intensa-aversio-a-una-religio-si-les-activitats-o-els-ensenyaments-768x432.jpg 768w, https:\/\/percepcions.cat\/wp-content\/uploads\/2025\/03\/Que-hi-ha-de-dolent-en-incitar-a-una-intensa-aversio-a-una-religio-si-les-activitats-o-els-ensenyaments-300x169.jpg 300w, https:\/\/percepcions.cat\/wp-content\/uploads\/2025\/03\/Que-hi-ha-de-dolent-en-incitar-a-una-intensa-aversio-a-una-religio-si-les-activitats-o-els-ensenyaments-1024x576.jpg 1024w, https:\/\/percepcions.cat\/wp-content\/uploads\/2025\/03\/Que-hi-ha-de-dolent-en-incitar-a-una-intensa-aversio-a-una-religio-si-les-activitats-o-els-ensenyaments-1536x864.jpg 1536w, https:\/\/percepcions.cat\/wp-content\/uploads\/2025\/03\/Que-hi-ha-de-dolent-en-incitar-a-una-intensa-aversio-a-una-religio-si-les-activitats-o-els-ensenyaments-18x10.jpg 18w, https:\/\/percepcions.cat\/wp-content\/uploads\/2025\/03\/Que-hi-ha-de-dolent-en-incitar-a-una-intensa-aversio-a-una-religio-si-les-activitats-o-els-ensenyaments.jpg 1600w\" title=\"\"><\/a><\/div>\n<div class=\"pt-cv-overlay-wrapper\"><div class=\"pt-cv-content\">Qu\u00e8 hi ha de dolent en incitar a una intensa aversi\u00f3 a una religi\u00f3 si les activitats o els ensenyaments d&#8217;aquesta religi\u00f3 s\u00f3n tan escandalosos, irracionals o abusius dels drets humans que mereixen ser intensament detestats? .-Rowan Atkinson<\/div><\/div><\/div><\/div><\/div><\/div>\t\t\t<style type=\"text\/css\" id=\"pt-cv-inline-style-d301d0b6jr\">#pt-cv-view-ffce338abp .pt-cv-overlay-wrapper {justify-content: flex-end;}\n#pt-cv-view-ffce338abp > .pt-cv-page {grid-template-columns: repeat(1, 1fr);grid-gap: 15px;}\n@media all and (max-width: 1024px) { \n#pt-cv-view-ffce338abp > .pt-cv-page {grid-template-columns: repeat(1, 1fr);}\n} \n@media all and (max-width: 767px) { \n#pt-cv-view-ffce338abp > .pt-cv-page {grid-template-columns: repeat(1, 1fr);}\n} <\/style>\r\n\t\t\t\t\t\t<style type=\"text\/css\" id=\"pt-cv-inline-style-4b51fe9e0j\">#pt-cv-view-ffce338abp  .pt-cv-content-item   { border-width: 1px 1px 1px 1px !important; border-style: solid !important; }\n#pt-cv-view-ffce338abp .pt-cv-taxoterm * { font-family: 'Noto Sans', Arial, serif !important; color: #ffffff !important; margin: 0px 0px 0px 0px !important; padding: 1px 6px 1px 6px !important; border-radius: 3px 3px 3px 3px !important; }\n#pt-cv-view-ffce338abp .pt-cv-title a, #pt-cv-view-ffce338abp  .panel-title { font-family: 'Noto Sans', Arial, serif !important; font-size: 20px !important; line-height: 1.3 !important; color: #000000 !important; font-weight: 600 !important; }\n@media (max-width: 767px) {#pt-cv-view-ffce338abp .pt-cv-title a, #pt-cv-view-ffce338abp  .panel-title { font-size: 22px !important }}\n#pt-cv-view-ffce338abp .pt-cv-content , #pt-cv-view-ffce338abp  .pt-cv-content *:not(.pt-cv-readmore):not(style):not(script) { font-family: 'Noto Sans', Arial, serif !important; font-size: 19px !important; line-height: 1.3 !important; color: #000000 !important; font-weight: 600 !important; }\n#pt-cv-view-ffce338abp .pt-cv-meta-fields * { color: #000000 !important; }\n#pt-cv-view-ffce338abp .pt-cv-readmore  { color: #ffffff !important; background-color: #00aeef !important; }\n#pt-cv-view-ffce338abp .pt-cv-readmore:hover  { color: #ffffff !important; background-color: #00aeef !important; }<\/style>\r\n\t\t\t<link href='\/\/fonts.googleapis.com\/css?family=Noto+Sans' rel='stylesheet' type='text\/css'>\n\n\n<div class=\"wp-block-uagb-buttons uagb-buttons__outer-wrap uagb-btn__default-btn uagb-btn-tablet__default-btn uagb-btn-mobile__default-btn uagb-block-cda63ad2\"><div class=\"uagb-buttons__wrap uagb-buttons-layout-wrap \">\n<div class=\"wp-block-uagb-buttons-child uagb-buttons__outer-wrap uagb-block-8b104509 wp-block-button\"><div class=\"uagb-button__wrapper\"><a class=\"uagb-buttons-repeater wp-block-button__link\" aria-label=\"\" href=\"https:\/\/percepcions.cat\/percepcions-de-frases\/\" rel=\"follow noopener\" target=\"_self\" role=\"button\"><div class=\"uagb-button__link\">M\u00e9s Frases<\/div><span class=\"uagb-button__icon uagb-button__icon-position-after\"><svg xmlns=\"https:\/\/www.w3.org\/2000\/svg\" viewBox=\"0 0 448 512\" aria-hidden=\"true\" focussable=\"false\"><path d=\"M438.6 278.6l-160 160C272.4 444.9 264.2 448 256 448s-16.38-3.125-22.62-9.375c-12.5-12.5-12.5-32.75 0-45.25L338.8 288H32C14.33 288 .0016 273.7 .0016 256S14.33 224 32 224h306.8l-105.4-105.4c-12.5-12.5-12.5-32.75 0-45.25s32.75-12.5 45.25 0l160 160C451.1 245.9 451.1 266.1 438.6 278.6z\"><\/path><\/svg><\/span><\/a><\/div><\/div>\n<\/div><\/div>\n<\/div>\n\n\n\n<div class=\"wp-block-uagb-container uagb-block-4277df2b\">\n<div class=\"wp-block-uagb-advanced-heading uagb-block-a0ea22c1\"><p class=\"uagb-heading-text\">Imatge de la Setmana<\/p><\/div>\n\n\n<div class=\"pt-cv-wrapper\"><div class=\"pt-cv-view pt-cv-blockgrid iscvblock iscvhybrid grid1 layout1\" id=\"pt-cv-view-8b1a556yo0\"><div data-id=\"pt-cv-page-1\" class=\"pt-cv-page\" data-cvc=\"1\"><div class=\" pt-cv-content-item pt-cv-1-col\"  data-pid=\"11938\"><div class=\"pt-cv-thumb-wrapper  \"><a href=\"https:\/\/percepcions.cat\/wp-content\/uploads\/2025\/12\/com-hem-arribat-al-Pakistan.jpg\" class=\"pt-cv-lightbox-image pt-cv-href-thumbnail pt-cv-thumb-default cvplbd cvp-lazy-container\" target=\"pt-cv-lightbox-image\"><img loading=\"lazy\" decoding=\"async\" width=\"300\" height=\"169\" src=\"https:\/\/percepcions.cat\/wp-content\/plugins\/pt-content-views-pro\/public\/assets\/images\/lazy_image.png\" class=\"pt-cv-thumbnail img-none skip-lazy  cvplazy\" alt=\"Com hem arribat al Pakistan?\" data-cvpsrc=\"https:\/\/percepcions.cat\/wp-content\/uploads\/2025\/12\/com-hem-arribat-al-Pakistan-300x169.jpg\" data-cvpset=\"https:\/\/percepcions.cat\/wp-content\/uploads\/2025\/12\/com-hem-arribat-al-Pakistan-300x169.jpg 300w, https:\/\/percepcions.cat\/wp-content\/uploads\/2025\/12\/com-hem-arribat-al-Pakistan-18x10.jpg 18w, https:\/\/percepcions.cat\/wp-content\/uploads\/2025\/12\/com-hem-arribat-al-Pakistan.jpg 768w\" title=\"\"><\/a><\/div>\n<div class=\"pt-cv-content\">Com hem arribat al Pakistan?<\/div><\/div><\/div><\/div><\/div>\t\t\t<style type=\"text\/css\" id=\"pt-cv-inline-style-e265bf4h4k\">\n#pt-cv-view-8b1a556yo0 > .pt-cv-page {grid-template-columns: repeat(1, 1fr);grid-gap: 15px;}\n@media all and (max-width: 1024px) { \n#pt-cv-view-8b1a556yo0 > .pt-cv-page {grid-template-columns: repeat(1, 1fr);}\n} \n@media all and (max-width: 767px) { \n#pt-cv-view-8b1a556yo0 > .pt-cv-page {grid-template-columns: repeat(1, 1fr);}\n} <\/style>\r\n\t\t\t\t\t\t<style type=\"text\/css\" id=\"pt-cv-inline-style-e8accd98nq\">#pt-cv-view-8b1a556yo0  .pt-cv-content-item   { border-width: 1px 1px 1px 1px !important; border-style: solid !important; }\n #pt-cv-view-8b1a556yo0[class*='cveffect'] .pt-cv-thumb-wrapper, #pt-cv-view-8b1a556yo0:not([class*='cveffect']) .pt-cv-thumbnail, #pt-cv-view-8b1a556yo0  .cvp-responsive-image[style*=background-image] { border-width: 2px 2px 2px 2px }\n #pt-cv-view-8b1a556yo0[class*='cveffect'] .pt-cv-thumb-wrapper, #pt-cv-view-8b1a556yo0:not([class*='cveffect']) .pt-cv-thumbnail, #pt-cv-view-8b1a556yo0  .cvp-responsive-image[style*=background-image] { border-style: solid }\n #pt-cv-view-8b1a556yo0[class*='cveffect'] .pt-cv-thumb-wrapper, #pt-cv-view-8b1a556yo0:not([class*='cveffect']) .pt-cv-thumbnail, #pt-cv-view-8b1a556yo0  .cvp-responsive-image[style*=background-image] { border-color: #0f4c81 }\n#pt-cv-view-8b1a556yo0 .pt-cv-taxoterm * { font-family: 'Noto Sans', Arial, serif !important; color: #ffffff !important; margin: 0px 0px 0px 0px !important; padding: 1px 6px 1px 6px !important; border-radius: 3px 3px 3px 3px !important; }\n#pt-cv-view-8b1a556yo0 .pt-cv-title a, #pt-cv-view-8b1a556yo0  .panel-title { font-family: 'Noto Sans', Arial, serif !important; font-size: 20px !important; line-height: 1.3 !important; color: #000000 !important; font-weight: 600 !important; }\n@media (max-width: 767px) {#pt-cv-view-8b1a556yo0 .pt-cv-title a, #pt-cv-view-8b1a556yo0  .panel-title { font-size: 22px !important }}\n#pt-cv-view-8b1a556yo0 .pt-cv-content , #pt-cv-view-8b1a556yo0  .pt-cv-content *:not(.pt-cv-readmore):not(style):not(script) { font-family: 'Noto Sans', Arial, serif !important; font-size: 19px !important; line-height: 1.3 !important; color: #000000 !important; font-weight: 600 !important; }\n#pt-cv-view-8b1a556yo0 .pt-cv-meta-fields * { color: #000000 !important; }\n#pt-cv-view-8b1a556yo0 .pt-cv-readmore  { color: #ffffff !important; background-color: #00aeef !important; }\n#pt-cv-view-8b1a556yo0 .pt-cv-readmore:hover  { color: #ffffff !important; background-color: #00aeef !important; }<\/style>\r\n\t\t\t<link href='\/\/fonts.googleapis.com\/css?family=Noto+Sans' rel='stylesheet' type='text\/css'>\n\n\n<div class=\"wp-block-uagb-buttons uagb-buttons__outer-wrap uagb-btn__default-btn uagb-btn-tablet__default-btn uagb-btn-mobile__default-btn uagb-block-cac61cc6\"><div class=\"uagb-buttons__wrap uagb-buttons-layout-wrap \">\n<div class=\"wp-block-uagb-buttons-child uagb-buttons__outer-wrap uagb-block-3f77c959 wp-block-button\"><div class=\"uagb-button__wrapper\"><a class=\"uagb-buttons-repeater wp-block-button__link\" aria-label=\"\" href=\"https:\/\/percepcions.cat\/humor\/\" rel=\"follow noopener\" target=\"_self\" role=\"button\"><div class=\"uagb-button__link\">M\u00e9s imatges<\/div><span class=\"uagb-button__icon uagb-button__icon-position-after\"><svg xmlns=\"https:\/\/www.w3.org\/2000\/svg\" viewBox=\"0 0 448 512\" aria-hidden=\"true\" focussable=\"false\"><path d=\"M438.6 278.6l-160 160C272.4 444.9 264.2 448 256 448s-16.38-3.125-22.62-9.375c-12.5-12.5-12.5-32.75 0-45.25L338.8 288H32C14.33 288 .0016 273.7 .0016 256S14.33 224 32 224h306.8l-105.4-105.4c-12.5-12.5-12.5-32.75 0-45.25s32.75-12.5 45.25 0l160 160C451.1 245.9 451.1 266.1 438.6 278.6z\"><\/path><\/svg><\/span><\/a><\/div><\/div>\n<\/div><\/div>\n<\/div>\n<\/div><\/div>\n","protected":false},"excerpt":{"rendered":"<p>\u00daltimos V\u00eddeos<\/p>","protected":false},"author":1,"featured_media":3000,"parent":0,"menu_order":0,"comment_status":"closed","ping_status":"closed","template":"","meta":{"_uag_custom_page_level_css":"","site-sidebar-layout":"default","site-content-layout":"","ast-site-content-layout":"full-width-container","site-content-style":"default","site-sidebar-style":"default","ast-global-header-display":"","ast-banner-title-visibility":"","ast-main-header-display":"","ast-hfb-above-header-display":"","ast-hfb-below-header-display":"","ast-hfb-mobile-header-display":"","site-post-title":"disabled","ast-breadcrumbs-content":"","ast-featured-img":"disabled","footer-sml-layout":"","ast-disable-related-posts":"","theme-transparent-header-meta":"","adv-header-id-meta":"","stick-header-meta":"","header-above-stick-meta":"","header-main-stick-meta":"","header-below-stick-meta":"","astra-migrate-meta-layouts":"default","ast-page-background-enabled":"default","ast-page-background-meta":{"desktop":{"background-color":"var(--ast-global-color-5)","background-image":"","background-repeat":"repeat","background-position":"center center","background-size":"auto","background-attachment":"scroll","background-type":"","background-media":"","overlay-type":"","overlay-color":"","overlay-opacity":"","overlay-gradient":""},"tablet":{"background-color":"","background-image":"","background-repeat":"repeat","background-position":"center center","background-size":"auto","background-attachment":"scroll","background-type":"","background-media":"","overlay-type":"","overlay-color":"","overlay-opacity":"","overlay-gradient":""},"mobile":{"background-color":"","background-image":"","background-repeat":"repeat","background-position":"center center","background-size":"auto","background-attachment":"scroll","background-type":"","background-media":"","overlay-type":"","overlay-color":"","overlay-opacity":"","overlay-gradient":""}},"ast-content-background-meta":{"desktop":{"background-color":"var(--ast-global-color-4)","background-image":"","background-repeat":"repeat","background-position":"center center","background-size":"auto","background-attachment":"scroll","background-type":"","background-media":"","overlay-type":"","overlay-color":"","overlay-opacity":"","overlay-gradient":""},"tablet":{"background-color":"var(--ast-global-color-4)","background-image":"","background-repeat":"repeat","background-position":"center center","background-size":"auto","background-attachment":"scroll","background-type":"","background-media":"","overlay-type":"","overlay-color":"","overlay-opacity":"","overlay-gradient":""},"mobile":{"background-color":"var(--ast-global-color-4)","background-image":"","background-repeat":"repeat","background-position":"center center","background-size":"auto","background-attachment":"scroll","background-type":"","background-media":"","overlay-type":"","overlay-color":"","overlay-opacity":"","overlay-gradient":""}},"footnotes":""},"class_list":["post-2956","page","type-page","status-publish","has-post-thumbnail","hentry"],"uagb_featured_image_src":{"full":["https:\/\/percepcions.cat\/wp-content\/uploads\/2025\/02\/Percepcions.jpg",500,500,false],"thumbnail":["https:\/\/percepcions.cat\/wp-content\/uploads\/2025\/02\/Percepcions-150x150.jpg",150,150,true],"medium":["https:\/\/percepcions.cat\/wp-content\/uploads\/2025\/02\/Percepcions-300x300.jpg",300,300,true],"medium_large":["https:\/\/percepcions.cat\/wp-content\/uploads\/2025\/02\/Percepcions.jpg",500,500,false],"large":["https:\/\/percepcions.cat\/wp-content\/uploads\/2025\/02\/Percepcions.jpg",500,500,false],"1536x1536":["https:\/\/percepcions.cat\/wp-content\/uploads\/2025\/02\/Percepcions.jpg",500,500,false],"2048x2048":["https:\/\/percepcions.cat\/wp-content\/uploads\/2025\/02\/Percepcions.jpg",500,500,false],"trp-custom-language-flag":["https:\/\/percepcions.cat\/wp-content\/uploads\/2025\/02\/Percepcions.jpg",12,12,false]},"uagb_author_info":{"display_name":"oriolseo@gmail.com","author_link":"https:\/\/percepcions.cat\/es\/author\/oriolseogmail-com\/"},"uagb_comment_info":0,"uagb_excerpt":"\u00daltims V\u00eddeos","_links":{"self":[{"href":"https:\/\/percepcions.cat\/es\/wp-json\/wp\/v2\/pages\/2956","targetHints":{"allow":["GET"]}}],"collection":[{"href":"https:\/\/percepcions.cat\/es\/wp-json\/wp\/v2\/pages"}],"about":[{"href":"https:\/\/percepcions.cat\/es\/wp-json\/wp\/v2\/types\/page"}],"author":[{"embeddable":true,"href":"https:\/\/percepcions.cat\/es\/wp-json\/wp\/v2\/users\/1"}],"replies":[{"embeddable":true,"href":"https:\/\/percepcions.cat\/es\/wp-json\/wp\/v2\/comments?post=2956"}],"version-history":[{"count":88,"href":"https:\/\/percepcions.cat\/es\/wp-json\/wp\/v2\/pages\/2956\/revisions"}],"predecessor-version":[{"id":9632,"href":"https:\/\/percepcions.cat\/es\/wp-json\/wp\/v2\/pages\/2956\/revisions\/9632"}],"wp:featuredmedia":[{"embeddable":true,"href":"https:\/\/percepcions.cat\/es\/wp-json\/wp\/v2\/media\/3000"}],"wp:attachment":[{"href":"https:\/\/percepcions.cat\/es\/wp-json\/wp\/v2\/media?parent=2956"}],"curies":[{"name":"wp","href":"https:\/\/api.w.org\/{rel}","templated":true}]}}